{"id":9,"date":"2021-03-11T10:09:02","date_gmt":"2021-03-11T13:09:02","guid":{"rendered":"https:\/\/www.ind.cl\/cuidemosnuestrodeporte\/cnd\/?page_id=9"},"modified":"2023-01-19T17:53:24","modified_gmt":"2023-01-19T20:53:24","slug":"inicio","status":"publish","type":"page","link":"https:\/\/www.ind.cl\/cuidemosnuestrodeporte\/","title":{"rendered":"Inicio"},"content":{"rendered":"<p>[et_pb_section fb_built=&#8221;1&#8243; custom_padding_last_edited=&#8221;on|phone&#8221; admin_label=&#8221;Hero section&#8221; _builder_version=&#8221;4.9.2&#8243; _module_preset=&#8221;default&#8221; use_background_color_gradient=&#8221;on&#8221; background_color_gradient_start=&#8221;rgba(150,105,97,0.43)&#8221; background_color_gradient_end=&#8221;rgba(2,0,76,0.39)&#8221; background_color_gradient_overlays_image=&#8221;on&#8221; background_image=&#8221;https:\/\/www.ind.cl\/cuidemosnuestrodeporte\/wp-content\/uploads\/2021\/04\/Header1pprot-02.png&#8221; parallax=&#8221;on&#8221; width_tablet=&#8221;&#8221; width_phone=&#8221;&#8221; width_last_edited=&#8221;on|desktop&#8221; max_width_tablet=&#8221;&#8221; max_width_phone=&#8221;&#8221; max_width_last_edited=&#8221;on|desktop&#8221; min_height=&#8221;20em&#8221; min_height_tablet=&#8221;&#8221; min_height_phone=&#8221;8em&#8221; min_height_last_edited=&#8221;on|tablet&#8221; height=&#8221;45em&#8221; height_tablet=&#8221;&#8221; height_phone=&#8221;10em&#8221; height_last_edited=&#8221;on|desktop&#8221; max_height=&#8221;50em&#8221; max_height_tablet=&#8221;&#8221; max_height_phone=&#8221;13em&#8221; max_height_last_edited=&#8221;on|tablet&#8221; custom_margin=&#8221;|-23em|11px|0px|false|false&#8221; custom_margin_tablet=&#8221;10px|0em|41px|0px|false|false&#8221; custom_margin_phone=&#8221;0px|-2em|0px|0px|false|false&#8221; custom_margin_last_edited=&#8221;on|phone&#8221; custom_padding=&#8221;10em|14em|0em||false|false&#8221; custom_padding_tablet=&#8221;15em|10em|5em|61em|false|false&#8221; custom_padding_phone=&#8221;5em|24em|12em|11em|false|false&#8221; background_last_edited=&#8221;on|desktop&#8221; use_background_color_gradient_phone=&#8221;on&#8221; background_color_gradient_start_phone=&#8221;rgba(0,0,0,0)&#8221; background_color_gradient_end_phone=&#8221;#ffffff&#8221; background_color_gradient_start_position_phone=&#8221;23%&#8221; background_image_tablet=&#8221;https:\/\/www.ind.cl\/cuidemosnuestrodeporte\/wp-content\/uploads\/2021\/04\/Header1pprot-02.png&#8221; background_image_phone=&#8221;https:\/\/www.ind.cl\/cuidemosnuestrodeporte\/wp-content\/uploads\/2021\/04\/Header1pprot-02.png&#8221; background_enable_image_tablet=&#8221;on&#8221; background_enable_image_phone=&#8221;on&#8221; parallax_phone=&#8221;off&#8221; module_alignment_tablet=&#8221;center&#8221; module_alignment_phone=&#8221;center&#8221; module_alignment_last_edited=&#8221;on|phone&#8221; custom_padding__hover_enabled=&#8221;off|desktop&#8221;][\/et_pb_section][et_pb_section fb_built=&#8221;1&#8243; _builder_version=&#8221;4.9.2&#8243; _module_preset=&#8221;default&#8221; custom_padding=&#8221;1px|0px|35px|0px||&#8221;][et_pb_row column_structure=&#8221;1_3,1_3,1_3&#8243; use_custom_gutter=&#8221;on&#8221; gutter_width=&#8221;1&#8243; module_id=&#8221;opciones&#8221; _builder_version=&#8221;4.9.2&#8243; _module_preset=&#8221;default&#8221; background_color=&#8221;#ffffff&#8221; background_size=&#8221;initial&#8221; background_position=&#8221;top_left&#8221; background_repeat=&#8221;repeat&#8221; max_width=&#8221;1440px&#8221; custom_margin=&#8221;-7em|auto||auto|false|false&#8221; custom_padding=&#8221;23px|0px|21px|0px|false|false&#8221; animation_style=&#8221;slide&#8221; animation_direction=&#8221;bottom&#8221; animation_intensity_slide=&#8221;6%&#8221; animation_starting_opacity=&#8221;100%&#8221; border_radii=&#8221;on|15px|15px|15px|15px&#8221; border_color_all=&#8221;#0c71c3&#8243; border_width_top=&#8221;18px&#8221; border_width_right=&#8221;3px&#8221; border_width_bottom=&#8221;3px&#8221; border_width_left=&#8221;3px&#8221; border_color_left=&#8221;#0c71c3&#8243; box_shadow_style=&#8221;preset3&#8243; box_shadow_horizontal=&#8221;-1px&#8221; box_shadow_vertical=&#8221;17px&#8221; box_shadow_blur=&#8221;14px&#8221; box_shadow_spread=&#8221;0px&#8221; box_shadow_color=&#8221;rgba(0,0,0,0.1)&#8221; use_custom_width=&#8221;on&#8221; custom_width_px=&#8221;1440px&#8221;][et_pb_column type=&#8221;1_3&#8243; _builder_version=&#8221;3.25&#8243; _module_preset=&#8221;default&#8221; custom_padding=&#8221;|40px||40px&#8221; custom_padding__hover=&#8221;|||&#8221;][et_pb_blurb title=&#8221;#CUIDEMOSNUESTRODEPORTE&#8221; use_icon=&#8221;on&#8221; font_icon=&#8221;%%129%%&#8221; icon_color=&#8221;#0c71c3&#8243; _builder_version=&#8221;4.9.2&#8243; _module_preset=&#8221;default&#8221; header_font=&#8221;Lato|900||on|||||&#8221; header_font_size=&#8221;15px&#8221; header_letter_spacing=&#8221;1px&#8221; header_line_height=&#8221;1.4em&#8221; body_font=&#8221;Lato||||||||&#8221; body_text_color=&#8221;#898f99&#8243; body_font_size=&#8221;16px&#8221; body_line_height=&#8221;1.6em&#8221; text_orientation=&#8221;center&#8221; module_alignment=&#8221;center&#8221; custom_margin=&#8221;|||&#8221; custom_padding=&#8221;|||&#8221; custom_padding_tablet=&#8221;&#8221; custom_padding_phone=&#8221;||||false|false&#8221; custom_padding_last_edited=&#8221;on|phone&#8221; animation=&#8221;off&#8221;]<\/p>\n<p>Entre todos \u00a1Hacemos un mejor deporte!<\/p>\n<p>[\/et_pb_blurb][et_pb_button button_url=&#8221;#videoprotocolo&#8221; button_text=&#8221;Mas Informaci\u00f3n&#8221; button_alignment=&#8221;center&#8221; _builder_version=&#8221;4.9.2&#8243; _module_preset=&#8221;default&#8221; custom_button=&#8221;on&#8221; button_text_size=&#8221;13px&#8221; button_text_color=&#8221;#ffffff&#8221; button_bg_color=&#8221;#0c71c3&#8243; button_border_width=&#8221;0px&#8221; button_border_radius=&#8221;6px&#8221; button_letter_spacing=&#8221;1px&#8221; button_font=&#8221;Lato|700||on|||||&#8221; button_use_icon=&#8221;off&#8221; background_layout=&#8221;dark&#8221; custom_margin=&#8221;30px|||||&#8221; custom_padding=&#8221;10px|30px|10px|30px&#8221; button_letter_spacing_hover=&#8221;1px&#8221; button_bg_color_hover=&#8221;rgba(60,57,230,0.2)&#8221; locked=&#8221;off&#8221; button_text_size__hover_enabled=&#8221;off&#8221; button_one_text_size__hover_enabled=&#8221;off&#8221; button_two_text_size__hover_enabled=&#8221;off&#8221; button_text_color__hover_enabled=&#8221;off&#8221; button_one_text_color__hover_enabled=&#8221;off&#8221; button_two_text_color__hover_enabled=&#8221;off&#8221; button_border_width__hover_enabled=&#8221;off&#8221; button_one_border_width__hover_enabled=&#8221;off&#8221; button_two_border_width__hover_enabled=&#8221;off&#8221; button_border_color__hover_enabled=&#8221;off&#8221; button_one_border_color__hover_enabled=&#8221;off&#8221; button_two_border_color__hover_enabled=&#8221;off&#8221; button_border_radius__hover_enabled=&#8221;off&#8221; button_one_border_radius__hover_enabled=&#8221;off&#8221; button_two_border_radius__hover_enabled=&#8221;off&#8221; button_letter_spacing__hover_enabled=&#8221;on&#8221; button_letter_spacing__hover=&#8221;1px&#8221; button_one_letter_spacing__hover_enabled=&#8221;off&#8221; button_two_letter_spacing__hover_enabled=&#8221;off&#8221; button_bg_color__hover_enabled=&#8221;on&#8221; button_bg_color__hover=&#8221;rgba(60,57,230,0.2)&#8221; button_one_bg_color__hover_enabled=&#8221;off&#8221; button_two_bg_color__hover_enabled=&#8221;off&#8221;][\/et_pb_button][\/et_pb_column][et_pb_column type=&#8221;1_3&#8243; _builder_version=&#8221;3.25&#8243; _module_preset=&#8221;default&#8221; custom_padding=&#8221;|40px||40px&#8221; custom_padding__hover=&#8221;|||&#8221;][et_pb_blurb title=&#8221;PROTOCOLO F\u00c1CIL Y R\u00c1PIDO&#8221; use_icon=&#8221;on&#8221; font_icon=&#8221;%%147%%&#8221; icon_color=&#8221;#0c71c3&#8243; _builder_version=&#8221;4.9.2&#8243; _module_preset=&#8221;default&#8221; header_font=&#8221;Lato|900||on|||||&#8221; header_font_size=&#8221;15px&#8221; header_letter_spacing=&#8221;1px&#8221; header_line_height=&#8221;1.4em&#8221; body_font=&#8221;Lato||||||||&#8221; body_text_color=&#8221;#898f99&#8243; body_font_size=&#8221;16px&#8221; body_line_height=&#8221;1.6em&#8221; background_color=&#8221;rgba(0,0,0,0)&#8221; text_orientation=&#8221;center&#8221; custom_margin=&#8221;|||&#8221; custom_padding=&#8221;||||false|false&#8221; custom_padding_tablet=&#8221;&#8221; custom_padding_phone=&#8221;12%||||false|false&#8221; custom_padding_last_edited=&#8221;on|desktop&#8221; animation=&#8221;off&#8221;]<\/p>\n<p>Conoce c\u00f3mo adoptarlo en tus estatutos.<\/p>\n<p>[\/et_pb_blurb][et_pb_button button_url=&#8221;#infoprotocolo&#8221; button_text=&#8221;Mas Informaci\u00f3n&#8221; button_alignment=&#8221;center&#8221; _builder_version=&#8221;4.9.2&#8243; _module_preset=&#8221;default&#8221; custom_button=&#8221;on&#8221; button_text_size=&#8221;13px&#8221; button_text_color=&#8221;#ffffff&#8221; button_bg_color=&#8221;#0c71c3&#8243; button_border_width=&#8221;0px&#8221; button_border_radius=&#8221;6px&#8221; button_letter_spacing=&#8221;1px&#8221; button_font=&#8221;Lato|700||on|||||&#8221; button_use_icon=&#8221;off&#8221; background_layout=&#8221;dark&#8221; custom_margin=&#8221;30px|||||&#8221; custom_padding=&#8221;10px|30px|10px|30px&#8221; button_letter_spacing_hover=&#8221;1px&#8221; button_bg_color_hover=&#8221;rgba(60,57,230,0.2)&#8221; locked=&#8221;off&#8221; button_text_size__hover_enabled=&#8221;off&#8221; button_one_text_size__hover_enabled=&#8221;off&#8221; button_two_text_size__hover_enabled=&#8221;off&#8221; button_text_color__hover_enabled=&#8221;off&#8221; button_one_text_color__hover_enabled=&#8221;off&#8221; button_two_text_color__hover_enabled=&#8221;off&#8221; button_border_width__hover_enabled=&#8221;off&#8221; button_one_border_width__hover_enabled=&#8221;off&#8221; button_two_border_width__hover_enabled=&#8221;off&#8221; button_border_color__hover_enabled=&#8221;off&#8221; button_one_border_color__hover_enabled=&#8221;off&#8221; button_two_border_color__hover_enabled=&#8221;off&#8221; button_border_radius__hover_enabled=&#8221;off&#8221; button_one_border_radius__hover_enabled=&#8221;off&#8221; button_two_border_radius__hover_enabled=&#8221;off&#8221; button_letter_spacing__hover_enabled=&#8221;on&#8221; button_letter_spacing__hover=&#8221;1px&#8221; button_one_letter_spacing__hover_enabled=&#8221;off&#8221; button_two_letter_spacing__hover_enabled=&#8221;off&#8221; button_bg_color__hover_enabled=&#8221;on&#8221; button_bg_color__hover=&#8221;rgba(60,57,230,0.2)&#8221; button_one_bg_color__hover_enabled=&#8221;off&#8221; button_two_bg_color__hover_enabled=&#8221;off&#8221;][\/et_pb_button][\/et_pb_column][et_pb_column type=&#8221;1_3&#8243; _builder_version=&#8221;3.25&#8243; _module_preset=&#8221;default&#8221; custom_padding=&#8221;|40px||40px&#8221; custom_padding__hover=&#8221;|||&#8221;][et_pb_blurb title=&#8221;PREGUNTAS Y RESPUESTAS&#8221; use_icon=&#8221;on&#8221; font_icon=&#8221;%%83%%&#8221; icon_color=&#8221;#0c71c3&#8243; _builder_version=&#8221;4.6.5&#8243; _module_preset=&#8221;default&#8221; header_font=&#8221;Lato|900||on|||||&#8221; header_font_size=&#8221;15px&#8221; header_letter_spacing=&#8221;1px&#8221; header_line_height=&#8221;1.4em&#8221; body_font=&#8221;Lato||||||||&#8221; body_text_color=&#8221;#898f99&#8243; body_font_size=&#8221;16px&#8221; body_line_height=&#8221;1.6em&#8221; text_orientation=&#8221;center&#8221; custom_margin=&#8221;|||&#8221; custom_padding=&#8221;|||&#8221; custom_padding_tablet=&#8221;&#8221; custom_padding_phone=&#8221;12%||||false|false&#8221; custom_padding_last_edited=&#8221;on|phone&#8221; animation=&#8221;off&#8221;]<\/p>\n<p>Despeja todas tus dudas respecto al Protocolo.<\/p>\n<p>[\/et_pb_blurb][et_pb_button button_url=&#8221;#preguntasprotocolo&#8221; button_text=&#8221;Mas Informaci\u00f3n&#8221; button_alignment=&#8221;center&#8221; _builder_version=&#8221;4.9.2&#8243; _module_preset=&#8221;default&#8221; custom_button=&#8221;on&#8221; button_text_size=&#8221;13px&#8221; button_text_color=&#8221;#ffffff&#8221; button_bg_color=&#8221;#0c71c3&#8243; button_border_width=&#8221;0px&#8221; button_border_radius=&#8221;6px&#8221; button_letter_spacing=&#8221;1px&#8221; button_font=&#8221;Lato|700||on|||||&#8221; button_use_icon=&#8221;off&#8221; background_layout=&#8221;dark&#8221; custom_margin=&#8221;30px|||||&#8221; custom_padding=&#8221;10px|30px|10px|30px&#8221; button_letter_spacing_hover=&#8221;1px&#8221; button_bg_color_hover=&#8221;rgba(60,57,230,0.2)&#8221; locked=&#8221;off&#8221; button_text_size__hover_enabled=&#8221;off&#8221; button_one_text_size__hover_enabled=&#8221;off&#8221; button_two_text_size__hover_enabled=&#8221;off&#8221; button_text_color__hover_enabled=&#8221;off&#8221; button_one_text_color__hover_enabled=&#8221;off&#8221; button_two_text_color__hover_enabled=&#8221;off&#8221; button_border_width__hover_enabled=&#8221;off&#8221; button_one_border_width__hover_enabled=&#8221;off&#8221; button_two_border_width__hover_enabled=&#8221;off&#8221; button_border_color__hover_enabled=&#8221;off&#8221; button_one_border_color__hover_enabled=&#8221;off&#8221; button_two_border_color__hover_enabled=&#8221;off&#8221; button_border_radius__hover_enabled=&#8221;off&#8221; button_one_border_radius__hover_enabled=&#8221;off&#8221; button_two_border_radius__hover_enabled=&#8221;off&#8221; button_letter_spacing__hover_enabled=&#8221;on&#8221; button_letter_spacing__hover=&#8221;1px&#8221; button_one_letter_spacing__hover_enabled=&#8221;off&#8221; button_two_letter_spacing__hover_enabled=&#8221;off&#8221; button_bg_color__hover_enabled=&#8221;on&#8221; button_bg_color__hover=&#8221;rgba(60,57,230,0.2)&#8221; button_one_bg_color__hover_enabled=&#8221;off&#8221; button_two_bg_color__hover_enabled=&#8221;off&#8221;][\/et_pb_button][\/et_pb_column][\/et_pb_row][\/et_pb_section][et_pb_section fb_built=&#8221;1&#8243; disabled_on=&#8221;off|off|off&#8221; admin_label=&#8221;About Section&#8221; module_id=&#8221;entrenaencasa&#8221; _builder_version=&#8221;4.9.2&#8243; _module_preset=&#8221;default&#8221; background_color=&#8221;#878787&#8243; use_background_color_gradient=&#8221;on&#8221; background_color_gradient_start=&#8221;#ffffff&#8221; background_color_gradient_end=&#8221;rgba(12,113,195,0.5)&#8221; background_image=&#8221;https:\/\/www.ind.cl\/cuidemosnuestrodeporte\/wp-content\/uploads\/2021\/03\/Img_fondo_gym.jpeg&#8221; parallax=&#8221;on&#8221; custom_padding=&#8221;11px|0px|32px|0px||&#8221;][et_pb_row _builder_version=&#8221;4.9.1&#8243; _module_preset=&#8221;default&#8221;][et_pb_column type=&#8221;4_4&#8243; _builder_version=&#8221;4.9.1&#8243; _module_preset=&#8221;default&#8221;][et_pb_image src=&#8221;https:\/\/www.ind.cl\/cuidemosnuestrodeporte\/wp-content\/uploads\/2021\/04\/infografia_prtocolo-1024&#215;987.png&#8221; title_text=&#8221;infografia_prtocolo&#8221; _builder_version=&#8221;4.9.2&#8243; _module_preset=&#8221;default&#8221;][\/et_pb_image][\/et_pb_column][\/et_pb_row][\/et_pb_section][et_pb_section fb_built=&#8221;1&#8243; admin_label=&#8221;About Section&#8221; module_id=&#8221;videoprotocolo&#8221; _builder_version=&#8221;4.9.2&#8243; _module_preset=&#8221;default&#8221; use_background_color_gradient=&#8221;on&#8221; background_color_gradient_start=&#8221;#ffffff&#8221; background_color_gradient_end=&#8221;rgba(12,113,195,0.5)&#8221; custom_padding=&#8221;11px|0px|32px|0px||&#8221;][et_pb_row _builder_version=&#8221;4.4.1&#8243; _module_preset=&#8221;default&#8221; custom_padding=&#8221;0px||0px|||&#8221;][et_pb_column type=&#8221;4_4&#8243; _builder_version=&#8221;4.4.1&#8243; _module_preset=&#8221;default&#8221;][et_pb_video src=&#8221;https:\/\/www.ind.cl\/cuidemosnuestrodeporte\/wp-content\/uploads\/2021\/03\/IND_Protocolo_altaFinal.mp4&#8243; thumbnail_overlay_color=&#8221;rgba(0,0,0,0.6)&#8221; _builder_version=&#8221;4.9.1&#8243; _module_preset=&#8221;default&#8221;][\/et_pb_video][\/et_pb_column][\/et_pb_row][\/et_pb_section][et_pb_section fb_built=&#8221;1&#8243; admin_label=&#8221;About Section&#8221; module_id=&#8221;infoprotocolo&#8221; _builder_version=&#8221;4.9.2&#8243; _module_preset=&#8221;default&#8221; use_background_color_gradient=&#8221;on&#8221; background_color_gradient_start=&#8221;#ffffff&#8221; background_color_gradient_end=&#8221;rgba(12,113,195,0.5)&#8221; custom_padding=&#8221;11px|0px|8px|0px||&#8221;][et_pb_row _builder_version=&#8221;4.4.1&#8243; _module_preset=&#8221;default&#8221; custom_padding=&#8221;0px||0px|||&#8221;][et_pb_column type=&#8221;4_4&#8243; _builder_version=&#8221;4.4.1&#8243; _module_preset=&#8221;default&#8221;][et_pb_toggle title=&#8221;INFORMACI\u00d3N PROTOCOLO F\u00c1CIL Y R\u00c1PIDO&#8221; open=&#8221;on&#8221; _builder_version=&#8221;4.9.2&#8243; _module_preset=&#8221;default&#8221; title_level=&#8221;h4&#8243; title_font=&#8221;|700|||||||&#8221; title_text_align=&#8221;center&#8221; custom_margin=&#8221;||7px|||&#8221;]<\/p>\n<p>\u00a1Adopta el nuevo <strong>PROTOCOLO CONTRA EL ABUSO SEXUAL, ACOSO SEXUAL, DISCRIMINACI\u00d3N Y MALTRATO EN EL DEPORTE!<\/strong><\/p>\n<p>Para incorporar este protocolo en los estatutos de tu club u organizaci\u00f3n deportiva, <strong>debes realizar todos los pasos que har\u00edas para realizar cualquier otra modificaci\u00f3n de estatutos.<\/strong><\/p>\n<p>Sin embargo, el proceso para la adopci\u00f3n de esta importante normativa no es tan complicado como parece. Aqu\u00ed algunos pasos que te ser\u00e1n de gran ayuda:<\/p>\n<p><strong>1. Citaci\u00f3n v\u00eda correo electr\u00f3nico a la asamblea extraordinaria para reformar los estatutos y adoptar el Protocolo General:<\/strong><\/p>\n<p><strong>Puedes realizar la citaci\u00f3n a trav\u00e9s del env\u00edo de correos electr\u00f3nicos a los socios.<\/strong> Ya no es obligaci\u00f3n hacerlo por carta certificada al domicilio de cada uno o mediante la publicaci\u00f3n de la citaci\u00f3n en un diario de circulaci\u00f3n regional o comunal.<\/p>\n<p><strong>2. Asistencia de un ministro de fe, quien puede ser funcionario(a) del IND, a la asamblea extraordinaria:<\/strong><\/p>\n<p>En la asamblea extraordinaria debes contar con la presencia de un ministro de fe, quien puede ser un notario(a) p\u00fablico, un oficial de Registro Civil o un funcionario(a) del Instituto Nacional de Deportes.<\/p>\n<p><strong>Hoy el IND cuenta con un importante n\u00famero funcionarios y funcionarias capacitados para realizar esta labor.<\/strong> Comun\u00edcate cuanto antes con tu Direcci\u00f3n Regional para agendar su asistencia a tu asamblea extraordinaria.<\/p>\n<p><strong>3. El acta de la asamblea extraordinaria no necesita ser reducida a escritura p\u00fablica:<\/strong><\/p>\n<p>Para la adopci\u00f3n del Protocolo General, no es necesario reducir el acta de la asamblea a escritura p\u00fablica. Quien act\u00fae como ministro de fe, es quien deber\u00e1 certificar que se cumplieron todas las formalidades para adoptar el acuerdo, entendi\u00e9ndose incorporado el protocolo de pleno derecho para efectos de su implementaci\u00f3n.<\/p>\n<p style=\"text-align: center;\"><strong>Si tu organizaci\u00f3n deportiva no incorpora este nuevo protocolo en sus estatutos, no podr\u00e1 acceder a recursos como Fondeporte, Donaciones con fines deportivos o Asignaci\u00f3n Directa.<\/strong><\/p>\n<p style=\"text-align: center;\"><strong>\u00a1Inicia el proceso cuanto antes!<\/strong><\/p>\n<p>[\/et_pb_toggle][\/et_pb_column][\/et_pb_row][\/et_pb_section][et_pb_section fb_built=&#8221;1&#8243; admin_label=&#8221;About Section&#8221; _builder_version=&#8221;4.9.2&#8243; _module_preset=&#8221;default&#8221; use_background_color_gradient=&#8221;on&#8221; background_color_gradient_start=&#8221;#ffffff&#8221; background_color_gradient_end=&#8221;#ffffff&#8221; custom_padding=&#8221;13px|0px|32px|0px||&#8221;][et_pb_row _builder_version=&#8221;4.4.1&#8243; _module_preset=&#8221;default&#8221; custom_padding=&#8221;0px||0px|||&#8221;][et_pb_column type=&#8221;4_4&#8243; _builder_version=&#8221;4.4.1&#8243; _module_preset=&#8221;default&#8221;][et_pb_toggle title=&#8221;ESTATUTO TIPO PARA CLUBES DEPORTIVOS APROBADO POR RES. EX. No 2570, DEL 04.12.2020.&#8221; _builder_version=&#8221;4.9.1&#8243; _module_preset=&#8221;default&#8221; title_level=&#8221;h4&#8243; title_font=&#8221;|700|||||||&#8221; title_text_align=&#8221;center&#8221; custom_margin=&#8221;||7px|||&#8221;]<\/p>\n<div align=\"center\"><a href=\"https:\/\/www.ind.cl\/cuidemosnuestrodeporte\/wp-content\/uploads\/2021\/03\/ESTATUTO.pdf\" class=\"pdfemb-viewer\" style=\"\" data-width=\"max\" data-height=\"max\"  data-toolbar=\"bottom\" data-toolbar-fixed=\"off\">ESTATUTO<br\/><\/a><\/div>\n<p>[\/et_pb_toggle][et_pb_button button_url=&#8221;https:\/\/www.ind.cl\/cuidemosnuestrodeporte\/wp-content\/uploads\/2021\/03\/ESTATUTO.pdf&#8221; url_new_window=&#8221;on&#8221; button_text=&#8221;Descarga Aqu\u00ed&#8221; button_alignment=&#8221;center&#8221; _builder_version=&#8221;4.9.1&#8243; _module_preset=&#8221;default&#8221; custom_button=&#8221;on&#8221; button_text_color=&#8221;#0C71C3&#8243;][\/et_pb_button][et_pb_toggle title=&#8221;DECRETO N\u00b0 22 APRUEBA PROTOCOLO GENERAL.&#8221; _builder_version=&#8221;4.9.2&#8243; _module_preset=&#8221;default&#8221; title_level=&#8221;h4&#8243; title_font=&#8221;|700|||||||&#8221; title_text_align=&#8221;center&#8221; custom_margin=&#8221;||7px|||&#8221;]<\/p>\n<div align=\"center\"><a href=\"https:\/\/www.ind.cl\/cuidemosnuestrodeporte\/wp-content\/uploads\/2021\/03\/DECRETO-22.pdf\" class=\"pdfemb-viewer\" style=\"\" data-width=\"max\" data-height=\"max\"  data-toolbar=\"bottom\" data-toolbar-fixed=\"off\">DECRETO-22<br\/><\/a><\/div>\n<p>[\/et_pb_toggle][et_pb_button button_url=&#8221;https:\/\/www.ind.cl\/cuidemosnuestrodeporte\/wp-content\/uploads\/2021\/03\/DECRETO-22.pdf&#8221; url_new_window=&#8221;on&#8221; button_text=&#8221;Descarga Aqu\u00ed&#8221; button_alignment=&#8221;center&#8221; _builder_version=&#8221;4.9.1&#8243; _module_preset=&#8221;default&#8221; custom_button=&#8221;on&#8221; button_text_color=&#8221;#0C71C3&#8243;][\/et_pb_button][et_pb_toggle title=&#8221;DICTAMEN N\u00b0 72678 ADOPCIO\u0301N DE PROTOCOLO.&#8221; _builder_version=&#8221;4.9.2&#8243; _module_preset=&#8221;default&#8221; title_level=&#8221;h4&#8243; title_font=&#8221;|700|||||||&#8221; title_text_align=&#8221;center&#8221; custom_margin=&#8221;||7px|||&#8221;]<\/p>\n<div align=\"center\"><a href=\"https:\/\/www.ind.cl\/cuidemosnuestrodeporte\/wp-content\/uploads\/2021\/03\/Dicta\u0301men-72678-2020-SOBRE-ADOPCIO\u0301N-DE-PROTOCOLO.-2.pdf\" class=\"pdfemb-viewer\" style=\"\" data-width=\"max\" data-height=\"max\"  data-toolbar=\"bottom\" data-toolbar-fixed=\"off\">Dicta\u0301men-72678-2020-SOBRE-ADOPCIO\u0301N-DE-PROTOCOLO.-2<br\/><\/a><\/div>\n<p>[\/et_pb_toggle][et_pb_button button_url=&#8221;https:\/\/www.ind.cl\/cuidemosnuestrodeporte\/wp-content\/uploads\/2021\/03\/Dicta\u0301men-72678-2020-SOBRE-ADOPCIO\u0301N-DE-PROTOCOLO.-2.pdf&#8221; url_new_window=&#8221;on&#8221; button_text=&#8221;Descarga Aqu\u00ed&#8221; button_alignment=&#8221;center&#8221; _builder_version=&#8221;4.9.1&#8243; _module_preset=&#8221;default&#8221; custom_button=&#8221;on&#8221; button_text_color=&#8221;#0C71C3&#8243;][\/et_pb_button][et_pb_toggle title=&#8221;POL\u00cdTICA INSTITUCIONAL TIPO CONTRA LAS CONDUCTAS DE ABUSO SEXUAL, ACOSO SEXUAL, DISCRIMINACI\u00d3N Y MALTRATO&#8221; _builder_version=&#8221;4.9.2&#8243; _module_preset=&#8221;default&#8221; title_level=&#8221;h4&#8243; title_font=&#8221;|700|||||||&#8221; title_text_align=&#8221;center&#8221; custom_margin=&#8221;||7px|||&#8221;]<\/p>\n<div align=\"center\"><a href=\"https:\/\/www.ind.cl\/cuidemosnuestrodeporte\/wp-content\/uploads\/2021\/07\/Politica-Institucional-Tipo.pdf\" class=\"pdfemb-viewer\" style=\"\" data-width=\"max\" data-height=\"max\"  data-toolbar=\"bottom\" data-toolbar-fixed=\"off\">Politica-Institucional-Tipo<br\/><\/a><\/div>\n<p>[\/et_pb_toggle][et_pb_button button_url=&#8221;https:\/\/www.ind.cl\/cuidemosnuestrodeporte\/wp-content\/uploads\/2021\/07\/Politica-Institucional-Tipo.pdf&#8221; url_new_window=&#8221;on&#8221; button_text=&#8221;Descarga Aqu\u00ed&#8221; button_alignment=&#8221;center&#8221; _builder_version=&#8221;4.9.2&#8243; _module_preset=&#8221;default&#8221; custom_button=&#8221;on&#8221; button_text_color=&#8221;#0C71C3&#8243;][\/et_pb_button][\/et_pb_column][\/et_pb_row][\/et_pb_section][et_pb_section fb_built=&#8221;1&#8243; admin_label=&#8221;About Section&#8221; module_id=&#8221;preguntasprotocolo&#8221; _builder_version=&#8221;4.9.2&#8243; _module_preset=&#8221;default&#8221; use_background_color_gradient=&#8221;on&#8221; background_color_gradient_start=&#8221;#ffffff&#8221; background_color_gradient_end=&#8221;rgba(12,113,195,0.5)&#8221; custom_padding=&#8221;11px|0px|32px|0px||&#8221;][et_pb_row _builder_version=&#8221;4.4.1&#8243; _module_preset=&#8221;default&#8221; custom_padding=&#8221;0px||0px|||&#8221;][et_pb_column type=&#8221;4_4&#8243; _builder_version=&#8221;4.4.1&#8243; _module_preset=&#8221;default&#8221;][et_pb_text _builder_version=&#8221;4.6.5&#8243; _module_preset=&#8221;default&#8221; custom_margin=&#8221;||9px|||&#8221;]<\/p>\n<h1 style=\"text-align: center;\"><strong>PREGUNTAS Y RESPUESTAS<\/strong><\/h1>\n<h4 style=\"text-align: center;\"><strong>PROTOCOLO GENERAL DEL MINISTERIO DEL DEPORTE<\/strong><br \/> <strong>DECRETO SUPREMO N\u00b0 22 DE 21 DE SEPTIEMBRE DE 2020.<\/strong><\/h4>\n<p>[\/et_pb_text][et_pb_accordion _builder_version=&#8221;4.9.1&#8243; _module_preset=&#8221;default&#8221; toggle_level=&#8221;h4&#8243; toggle_font=&#8221;|700|||||||&#8221; closed_toggle_font_size=&#8221;14px&#8221; custom_margin=&#8221;||||false|false&#8221; custom_padding=&#8221;||||false|false&#8221; custom_css_toggle=&#8221;margin-bottom: 5px !important;||&#8221;][et_pb_accordion_item title=&#8221;1.- \u00bfQu\u00e9 relaci\u00f3n existe entre la ley N\u00b0 21.197 y el Protocolo General del Ministerio del Deporte?&#8221; open=&#8221;on&#8221; _builder_version=&#8221;4.9.1&#8243; _module_preset=&#8221;default&#8221;]<\/p>\n<p>La ley N\u00b0 21.197 contra el Abuso sexual, Acoso sexual, Discriminaci\u00f3n y Maltrato en la actividad deportiva nacional, mandat\u00f3 al Ministerio del Deporte la elaboraci\u00f3n y aprobaci\u00f3n, mediante decreto supremo, de un protocolo general para la prevenci\u00f3n y sanci\u00f3n de las se\u00f1aladas conductas.<\/p>\n<p>Cumpliendo dicho mandato legal, el Ministerio del Deporte procedi\u00f3 a la dictaci\u00f3n del Decreto Supremo N\u00b0 22 del 2020, el cual fue publicado en el Diario Oficial con fecha 21 de septiembre de 2020.<\/p>\n<p>[\/et_pb_accordion_item][et_pb_accordion_item title=&#8221;2.- \u00bfCu\u00e1l es el objetivo del Protocolo General del Ministerio del Deporte contra el abuso sexual, acoso sexual, discriminaci\u00f3n y maltrato en la actividad deportiva nacional? Me parece correcto&#8221; _builder_version=&#8221;4.9.1&#8243; _module_preset=&#8221;default&#8221; open=&#8221;off&#8221;]<\/p>\n<p>El Protocolo General, que debe ser adoptado por todas las organizaciones deportivas a las que se refiere el T\u00edtulo III de la ley N\u00b0 19.712 del Deporte, y tambi\u00e9n por las regidas por la ley N\u00b020.019, \u00a0\u00a0tiene como objetivo establecer las obligaciones que le competen a cada uno de los actores de la actividad deportiva nacional, en la prevenci\u00f3n y sanci\u00f3n de todo tipo de acoso sexual, abuso sexual, discriminaci\u00f3n y maltrato normando para ello un conjunto de obligaciones que las organizaciones deportivas, sus directorios, y sus integrantes deben cumplir, para hacer de la convivencia deportiva y del entorno deportivo, un espacio m\u00e1s adecuado y seguro para todos quienes la integran.<\/p>\n<p>&nbsp;<\/p>\n<p>De esta manera, el protocolo persigue el establecimiento de un nuevo est\u00e1ndar de seguridad para la pr\u00e1ctica de la actividad deportiva en Chile, cuya finalidad es proteger a deportistas, t\u00e9cnicos, dirigentes y trabajadores de conductas que puedan vulnerar sus derechos. Todo lo anterior, mediante la prevenci\u00f3n y sanci\u00f3n de dichas conductas, \u00a0con especial cuidado de ni\u00f1os, ni\u00f1as y adolescentes que forman parte de la actividad deportiva y de la participaci\u00f3n e integraci\u00f3n de la mujer en el\u00a0 desarrollo del deporte nacional.<\/p>\n<p>[\/et_pb_accordion_item][et_pb_accordion_item title=&#8221;3.- \u00bfEn qu\u00e9 principios se basa el Protocolo?&#8221; _builder_version=&#8221;4.9.1&#8243; _module_preset=&#8221;default&#8221; open=&#8221;off&#8221;]<\/p>\n<p>El Protocolo se fundamenta en un conjunto de principios que se reflejan en toda su normativa y que en conjunto se orientan al logro de un est\u00e1ndar de mayor seguridad y protecci\u00f3n de la actividad deportiva nacional. Estos principios son los siguientes:<\/p>\n<ol>\n<li>Inclusi\u00f3n de los ni\u00f1os, ni\u00f1as y adolescentes como sujetos de derecho.<\/li>\n<li>Igualdad y equidad de g\u00e9nero.<\/li>\n<li>No discriminaci\u00f3n contra la mujer.<\/li>\n<li>Apoyo efectivo.<\/li>\n<li>Celeridad de los procedimientos.<\/li>\n<li>Enfoque preventivo.<\/li>\n<li>No revictimizaci\u00f3n.<\/li>\n<li>Entorno seguro en el deporte<\/li>\n<li>Gesti\u00f3n responsable y colaborativa de todos los entes involucrados.<\/li>\n<li>Reserva de los antecedentes.<\/li>\n<li>Debido proceso.<\/li>\n<li>Principio de buena fe.<\/li>\n<li>Nuevo est\u00e1ndar de seguridad deportiva.<\/li>\n<\/ol>\n<p>[\/et_pb_accordion_item][et_pb_accordion_item title=&#8221;4.- \u00bfQu\u00e9 organizaciones deportivas deben adoptar este Protocolo?&#8221; _builder_version=&#8221;4.9.1&#8243; _module_preset=&#8221;default&#8221; open=&#8221;off&#8221;]<\/p>\n<p>Todas las organizaciones deportivas deber\u00e1n adoptar las medidas necesarias para prevenir y sancionar las conductas de acoso y abuso sexual, discriminaci\u00f3n y maltrato que pudieran ocurrir entre sus trabajadores, dirigentes, entrenadores y deportistas. Esta obligaci\u00f3n se hace particularmente exigible a:<\/p>\n<p>&nbsp;<\/p>\n<ul>\n<li>Todas las organizaciones deportivas establecidas en el art\u00edculo 32 de la ley N\u00b0 19.712.<\/li>\n<li>Todas las organizaciones deportivas profesionales establecidas en la ley N\u00b0 20.019.<\/li>\n<\/ul>\n<p>[\/et_pb_accordion_item][et_pb_accordion_item title=&#8221;5.- \u00bfCu\u00e1l es el plazo para adoptar el Protocolo?&#8221; _builder_version=&#8221;4.9.1&#8243; _module_preset=&#8221;default&#8221; open=&#8221;off&#8221;]<\/p>\n<p>El Protocolo debe adoptarse en un plazo m\u00e1ximo de seis meses desde su publicaci\u00f3n en el Diario Oficial, la que se realiz\u00f3 el 21 de septiembre del a\u00f1o 2020.<\/p>\n<p>&nbsp;<\/p>\n<p>Por lo tanto al 21 de marzo del a\u00f1o 2021, este Protocolo debe estar adoptado por las organizaciones deportivas antes descritas.<\/p>\n<p>[\/et_pb_accordion_item][et_pb_accordion_item title=&#8221;6.- \u00bfC\u00f3mo se adopta el Protocolo?&#8221; _builder_version=&#8221;4.9.1&#8243; _module_preset=&#8221;default&#8221; open=&#8221;off&#8221;]<\/p>\n<p>A.- Organizaciones deportivas establecidas en el art\u00edculo 32 de la ley N\u00b0 19.712: La adopci\u00f3n de este Protocolo, para las organizaciones deportivas establecidas en el art\u00edculo 32 de la ley N\u00b0 19.712, deber\u00e1 realizarse mediante los mismos procedimientos que se utilizan para la modificaci\u00f3n de sus estatutos, es decir a trav\u00e9s de una asamblea extraordinaria; entendi\u00e9ndose incorporado a ellos una vez cumplidas todas las formalidades requeridas para ese tipo de reformas <span style=\"text-decoration: line-through;\"><\/span><\/p>\n<p>Dictamen N\u00b0 E72678\/2021: Sin embargo, un reciente dictamen de la Contralor\u00eda General de la Rep\u00fablica sobre la implementaci\u00f3n del Protocolo General, del 29 de enero de 2021, aclara algunas dudas sobre el proceso y agiliza su implementaci\u00f3n, estableciendo que:<\/p>\n<ul>\n<li>Es posible citar a asamblea mediante correos electr\u00f3nicos registrados por los miembros de la organizaci\u00f3n.<\/li>\n<li>El Ministro de fe que participe de la modificaci\u00f3n de los estatutos puede ser un funcionario de la respectiva Direcci\u00f3n Regional del Instituto Nacional de Deportes.<\/li>\n<li>No es necesario reducir a escritura p\u00fablica la modificaci\u00f3n de los estatutos de la organizaci\u00f3n por motivo de la adopci\u00f3n de este Protocolo.<\/li>\n<\/ul>\n<p>&nbsp;<\/p>\n<p>&nbsp;<\/p>\n<p>B.- Organizaciones deportivas profesionales establecidas en la ley N\u00b0 20.019: Para las organizaciones deportivas profesionales establecidas en la ley N\u00b0 20.019, este Protocolo tambi\u00e9n debe ser adoptado mediante los mismo procedimientos \u00a0para realizar reformas <span style=\"text-decoration: line-through;\">cambios<\/span> en sus estatutos, generalmente a trav\u00e9s de una asamblea extraordinaria, y se entender\u00e1 como incorporado a ellos una vez cumplidas todas las formalidades requeridas para tales reformas.<\/p>\n<p>&nbsp;<\/p>\n<p>Las organizaciones deportivas profesionales, en cuanto a la manera efectuar la citaci\u00f3n a la asamblea , presencia en ella de un Ministro de Fe y reducci\u00f3n a escritura p\u00fablica del acta respectiva, deber\u00e1n actuar de conformidad a su normativa estatutaria o reglamentaria propia, y a los instructivos que para estos efectos haya establecido la Comisi\u00f3n para el Mercado Financiero u otros organismos a los cuales se encuentren sujetos.<\/p>\n<p>[\/et_pb_accordion_item][et_pb_accordion_item title=&#8221;7.- \u00bfQu\u00e9 medidas deber\u00e1n tomar las organizaciones deportivas para la adopci\u00f3n y aplicaci\u00f3n del Protocolo?&#8221; _builder_version=&#8221;4.9.1&#8243; _module_preset=&#8221;default&#8221; open=&#8221;off&#8221;]<\/p>\n<ul>\n<li>En el marco de la adopci\u00f3n y aplicaci\u00f3n de este Protocolo, las organizaciones deportivas deber\u00e1n tomar ciertas medidas y realizar un conjunto de acciones preventivas, educativas y de difusi\u00f3n, tales como:\n<p>&nbsp;<\/p>\n<p>&nbsp;<\/p>\n<ul>\n<li>Nombrar a los Responsables Institucionales, titular y suplente.<\/li>\n<li>Difundir la adopci\u00f3n del Protocolo entre sus \u00f3rganos internos y ponerlo a disposici\u00f3n de sus integrantes.<\/li>\n<li>Elaborar, difundir, promover e implementar, una pol\u00edtica institucional contra el acoso sexual, abuso sexual, discriminaci\u00f3n y maltrato.<\/li>\n<li>Constituir y tener operativos \u00f3rganos de disciplina deportiva y registro interno<\/li>\n<li>Generar medidas de resguardo relativas al personal y sus requisitos para trabajar de manera voluntaria o remunerada en una organizaci\u00f3n deportiva.<\/li>\n<li>Adoptar medidas de resguardo relativas a los espacios f\u00edsicos e instalaciones deportivas institucionales<\/li>\n<li>Contar con profesionales de apoyo para brindar protecci\u00f3n y asesor\u00eda a las v\u00edctimas de una eventual conducta vulneratoria.<\/li>\n<\/ul>\n<\/li>\n<\/ul>\n<p>[\/et_pb_accordion_item][et_pb_accordion_item title=&#8221;8.- \u00bfQue sanciones trae aparejada la no adopci\u00f3n del Protocolo?&#8221; _builder_version=&#8221;4.9.1&#8243; _module_preset=&#8221;default&#8221; open=&#8221;off&#8221;]<\/p>\n<ul>\n<li><u>Organizaciones deportivas del art\u00edculo 32\u00b0 de la ley N\u00b0 19712<\/u>: La no adopci\u00f3n del Protocolo General inhabilita a la organizaci\u00f3n deportiva para ser beneficiaria de los recursos de la ley N\u00b0 19.712.<\/li>\n<li><u>Organizaciones deportivas profesionales<\/u>: La no adopci\u00f3n del Protocolo General inhabilita a la organizaci\u00f3n deportiva profesional para acceder a los beneficios y franquicias de la ley N\u00b0 20.019.<\/li>\n<\/ul>\n<p>[\/et_pb_accordion_item][et_pb_accordion_item title=&#8221;9.- \u00bfQui\u00e9n es el Responsable Institucional de la aplicaci\u00f3n de los procedimientos del Protocolo?&#8221; _builder_version=&#8221;4.9.1&#8243; _module_preset=&#8221;default&#8221; open=&#8221;off&#8221;]<\/p>\n<p>Toda organizaci\u00f3n deportiva tendr\u00e1 la obligaci\u00f3n de designar a un responsable institucional titular y a un suplente, cuya funci\u00f3n ser\u00e1 la de realizar todos los procedimientos de intervenci\u00f3n que estable el Protocolo en caso de denuncias, y efectuar todas las diligencias necesarias para su adecuada canalizaci\u00f3n, debiendo discernir finalmente si el hecho sometido a su conocimiento reviste o no caracteres de delito, lo que determinara la remisi\u00f3n de los antecedentes a los organismos competentes tales como Ministerio P\u00fablico, Carabineros de Chile, Polic\u00eda de Investigaciones, o a los Tribunales de disciplina deportiva de la organizaci\u00f3n, o al Comit\u00e9 Nacional de Arbitraje Deportivo, seg\u00fan corresponda.<\/p>\n<p>[\/et_pb_accordion_item][et_pb_accordion_item title=&#8221;10.- \u00bfCu\u00e1ndo debe ser designado el Responsable Institucional?&#8221; _builder_version=&#8221;4.9.1&#8243; _module_preset=&#8221;default&#8221; open=&#8221;off&#8221;]<\/p>\n<p>Este cargo debe ser designado en la misma asamblea extraordinaria en la cual la organizaci\u00f3n deportiva procede a la adopci\u00f3n del Protocolo.<\/p>\n<p>[\/et_pb_accordion_item][et_pb_accordion_item title=&#8221;11.- \u00bfCu\u00e1les son los canales seguros de comunicaci\u00f3n?&#8221; _builder_version=&#8221;4.9.1&#8243; _module_preset=&#8221;default&#8221; open=&#8221;off&#8221;]<\/p>\n<p>Una vez designados los responsables institucionales, las organizaciones deportivas deben establecer y difundir para conocimiento de todos sus miembros, los canales seguros de comunicaci\u00f3n con ellos, de forma tal que, en caso de requerirse su intervenci\u00f3n, \u00e9sta se logre de manera r\u00e1pida y expedita.<\/p>\n<p>[\/et_pb_accordion_item][et_pb_accordion_item title=&#8221;12.- \u00bfDe qu\u00e9 forma procede el Responsable Institucional en caso de denuncia?&#8221; _builder_version=&#8221;4.9.1&#8243; _module_preset=&#8221;default&#8221; open=&#8221;off&#8221;]<\/p>\n<p>Recibida oficialmente una denuncia por conductas de acoso sexual, abuso sexual, discriminaci\u00f3n o maltrato, el responsable institucional deber\u00e1 efectuar de manera oportuna y diligente, todas las actuaciones correspondientes a los procedimientos de intervenci\u00f3n previstos en el Protocolo, desde el momento en que haya acogido oficialmente una denuncia, hasta su total despacho. En dicha labor debe:<\/p>\n<p>&nbsp;<\/p>\n<ul>\n<li>Establecer contacto de manera r\u00e1pida y expedita con \u00e9l o la denunciante, sea de manera personal, telef\u00f3nica, electr\u00f3nica o por cualquier otro medio disponible, dentro de un plazo m\u00e1ximo de 48 horas desde su conocimiento de la denuncia.<\/li>\n<li>Si los hechos denunciados afectan a un ni\u00f1o, ni\u00f1a o adolescente, deber\u00e1 comunicar diligentemente estos hechos sus padres o tutores, estableciendo contacto con ellos de manera inmediata.<\/li>\n<li>Deber\u00e1 abrir un expediente y mantener registro documental respecto de cada uno de los casos denunciados.<\/li>\n<li>Deber\u00e1 evaluar, los antecedentes y la naturaleza de los hechos denunciados, empleando en ello sus conocimientos y experiencia, de forma de discernir si tales hechos revisten o no caracteres de delito.<\/li>\n<li>Adem\u00e1s, deber\u00e1 elaborar informes de las denuncias sometidas a su conocimiento, cuando ello le sea requerido.<\/li>\n<\/ul>\n<p>[\/et_pb_accordion_item][et_pb_accordion_item title=&#8221;13.- \u00bfQu\u00e9 camino sigue una denuncia si los hechos que la constituyen revisten car\u00e1cter de delito?&#8221; _builder_version=&#8221;4.9.1&#8243; _module_preset=&#8221;default&#8221; open=&#8221;off&#8221;]<\/p>\n<p>En este caso, el Responsable Institucional deber\u00e1 denunciar los hechos al Ministerio P\u00fablico, Carabineros de Chile o la Polic\u00eda de Investigaciones.<\/p>\n<p>Sin perjuicio de ello, debe poner tales hechos en conocimiento del directorio y del tribunal de honor de la organizaci\u00f3n.<\/p>\n<p>Si el denunciado resulta sancionado por los Tribunales de Justicia por casos de abuso o acoso sexuales, el \u00f3rgano disciplinario de la organizaci\u00f3n deportiva deber\u00e1 aplicar la sanci\u00f3n de inhabilitaci\u00f3n perpetua del condenado para participar en organizaciones deportivas.<\/p>\n<p>[\/et_pb_accordion_item][et_pb_accordion_item title=&#8221;14.- \u00bfQu\u00e9 camino sigue una denuncia si los hechos que la constituyen no revisten car\u00e1cter de delito?&#8221; _builder_version=&#8221;4.9.1&#8243; _module_preset=&#8221;default&#8221; open=&#8221;off&#8221;]<\/p>\n<ul>\n<li>En tal caso el responsable institucional pone los antecedentes en conocimiento del \u00f3rgano disciplinario de la organizaci\u00f3n deportiva, para que esta instancia disciplinaria determine si corresponde o no la aplicaci\u00f3n de sanciones al denunciado.<\/li>\n<\/ul>\n<ul>\n<li>Si hay disconformidad con lo resuelto por este \u00f3rgano, se puede recurrir al Comit\u00e9 Nacional de Arbitraje Deportivo para que revise la sentencia y proceda a su reemplazo.<\/li>\n<\/ul>\n<p>[\/et_pb_accordion_item][et_pb_accordion_item title=&#8221;15.- \u00bfQu\u00e9 rol cumple el Tribunal de Honor de la Organizaci\u00f3n deportiva?&#8221; _builder_version=&#8221;4.9.1&#8243; _module_preset=&#8221;default&#8221; open=&#8221;off&#8221;]<\/p>\n<p>El \u00f3rgano de disciplina interna de cada organizaci\u00f3n deportiva, ya sea que se denomine Tribunal de Honor, Comit\u00e9 de \u00c9tica u otro, es de vital importancia para la aplicaci\u00f3n del Protocolo ya que es el organismo que tendr\u00e1 competencia para resolver los expedientes de denuncia que el responsable institucional pondr\u00e1 en su conocimiento.<\/p>\n<p>&nbsp;<\/p>\n<p>A la fecha de adopci\u00f3n del presente Protocolo, todas las organizaciones deportivas, seg\u00fan corresponda, deben tener constituidos y en operatividad los \u00f3rganos de disciplina deportiva interna.<\/p>\n<p>&nbsp;<\/p>\n<p>Ser\u00e1 considerado un incumplimiento grave de las obligaciones contempladas en el Protocolo, la no constituci\u00f3n y\/o no funcionamiento del \u00f3rgano de disciplina deportiva interna de la organizaci\u00f3n.<\/p>\n<p>[\/et_pb_accordion_item][et_pb_accordion_item title=&#8221;16.- \u00bfQu\u00e9 es el Comit\u00e9 Nacional de Arbitraje Deportivo?&#8221; _builder_version=&#8221;4.9.1&#8243; _module_preset=&#8221;default&#8221; open=&#8221;off&#8221;]<\/p>\n<p>El Comit\u00e9 Nacional de Arbitraje Deportivo, es un organismo colegiado adscrito al Comit\u00e9 Ol\u00edmpico de Chile, que ejercer\u00e1 la potestad disciplinaria sobre las federaciones deportivas nacionales y sobre todas las organizaciones deportivas, en materia de sanci\u00f3n de las conductas de acoso sexual, abuso sexual, discriminaci\u00f3n y maltrato, en conformidad a lo establecido en la ley N\u00ba 21.197.<\/p>\n<p>&nbsp;<\/p>\n<p>Su potestad tambi\u00e9n se extiende a las infracciones que se produzcan en competencias nacionales o internacionales reconocidas o autorizadas por una Federaci\u00f3n Deportiva Nacional, o por una organizaci\u00f3n deportiva cualquiera.<\/p>\n<p>[\/et_pb_accordion_item][\/et_pb_accordion][\/et_pb_column][\/et_pb_row][\/et_pb_section][et_pb_section fb_built=&#8221;1&#8243; disabled_on=&#8221;on|on|on&#8221; admin_label=&#8221;About Section&#8221; module_id=&#8221;entrenaencasapro&#8221; _builder_version=&#8221;4.9.2&#8243; _module_preset=&#8221;default&#8221; use_background_color_gradient=&#8221;on&#8221; background_color_gradient_start=&#8221;#ffffff&#8221; background_color_gradient_end=&#8221;rgba(12,113,195,0.5)&#8221; custom_padding=&#8221;11px|0px|32px|0px||&#8221; disabled=&#8221;on&#8221;][et_pb_row _builder_version=&#8221;4.4.1&#8243; _module_preset=&#8221;default&#8221; custom_padding=&#8221;0px||0px|||&#8221;][et_pb_column type=&#8221;4_4&#8243; _builder_version=&#8221;4.4.1&#8243; _module_preset=&#8221;default&#8221;][et_pb_text _builder_version=&#8221;4.6.5&#8243; _module_preset=&#8221;default&#8221; custom_margin=&#8221;||9px|||&#8221;]<\/p>\n<h1 style=\"text-align: center;\"><strong>CALENDARIO DE CAPACITACIONES<\/strong><\/h1>\n<h4 style=\"text-align: center;\"><\/h4>\n<p>[\/et_pb_text][et_pb_accordion _builder_version=&#8221;4.9.1&#8243; _module_preset=&#8221;default&#8221; toggle_level=&#8221;h4&#8243; toggle_font=&#8221;|700|||||||&#8221; closed_toggle_font_size=&#8221;14px&#8221; custom_margin=&#8221;||||false|false&#8221; custom_padding=&#8221;||||false|false&#8221; custom_css_toggle=&#8221;margin-bottom: 5px !important;||&#8221;][et_pb_accordion_item title=&#8221;Regi\u00f3n de Arica y Parinacota&#8221; open=&#8221;on&#8221; _builder_version=&#8221;4.9.1&#8243; _module_preset=&#8221;default&#8221;]<\/p>\n<p>Martes 16-03-2021 <br \/>Mi\u00e9rcoles 17-03-2021<br \/>Jueves 18-03-2021<br \/>Viernes 19-03-2021<br \/>Horario: 16:00 hrs.<\/p>\n<p>Link: <a href=\"http:\/\/meet.google.com\/uee-ngne-zkc\">http:\/\/meet.google.com\/uee-ngne-zkc <\/a><\/p>\n<p>[\/et_pb_accordion_item][et_pb_accordion_item title=&#8221;Regi\u00f3n de Tarapac\u00e1&#8221; _builder_version=&#8221;4.9.1&#8243; _module_preset=&#8221;default&#8221; open=&#8221;off&#8221;]<\/p>\n<p>Lunes 15-03-2021 <br \/>Horario: 16:00 hrs. <br \/>Link: <a href=\"https:\/\/meet.google.com\/wxe-qttd-jtn\">https:\/\/meet.google.com\/wxe-qttd-jtn<\/a><\/p>\n<p>Martes 16-03-2021 <br \/>Horario: 16:00 hrs. <br \/>Link: <a href=\"https:\/\/meet.google.com\/pif-ymac-ucf\">https:\/\/meet.google.com\/pif-ymac-ucf<\/a><\/p>\n<p>Mi\u00e9rcoles 17-03-2021 <br \/>Horario: 16:00 hrs. <br \/>Link: <a href=\"https:\/\/meet.google.com\/chv-gazq-uqj\">https:\/\/meet.google.com\/chv-gazq-uqj<\/a><\/p>\n<p>Jueves 18-03-2021<br \/>Horario: 16:00 hrs. <br \/>Link: <a href=\"https:\/\/meet.google.com\/bvs-ytac-xxk\">https:\/\/meet.google.com\/bvs-ytac-xxk<\/a><\/p>\n<p>Viernes 19-03-2021 <br \/>Horario: 15:00 hrs. <br \/>Link: <a href=\"https:\/\/meet.google.com\/gqt-vnqk-nzi\">https:\/\/meet.google.com\/gqt-vnqk-nzi<\/a><\/p>\n<p>&nbsp;<\/p>\n<p>[\/et_pb_accordion_item][et_pb_accordion_item title=&#8221;Regi\u00f3n de Antofagasta&#8221; _builder_version=&#8221;4.9.1&#8243; _module_preset=&#8221;default&#8221; open=&#8221;off&#8221;]<\/p>\n<p>Mi\u00e9rcoles 17-03-2021 <br \/>Horario: 19:00 hrs. <br \/>Link: <a href=\"meet.google.com\/oqj-avjz-xer\">meet.google.com\/oqj-avjz-xer<\/a><\/p>\n<p>Jueves 18-03-2021<br \/>Horario: 19:00 hrs.<br \/>Link: <a href=\"meet.google.com\/kwe-pbxn-mgy\">meet.google.com\/kwe-pbxn-mgy<\/a><\/p>\n<p>&nbsp;<\/p>\n<p>[\/et_pb_accordion_item][et_pb_accordion_item title=&#8221;Regi\u00f3n de Atacama&#8221; _builder_version=&#8221;4.9.1&#8243; _module_preset=&#8221;default&#8221; open=&#8221;off&#8221;]<\/p>\n<p>Mi\u00e9rcoles 17-03-2021 <br \/>Horario: 18:30 <br \/>Link: <a href=\"https:\/\/meet.google.com\/gdm-cvyo-vta\">https:\/\/meet.google.com\/gdm-cvyo-vta<\/a><\/p>\n<p>Jueves 18-03-2021 <br \/>Horario: 18:30 <br \/>Link: <a href=\"https:\/\/meet.google.com\/gzp-xqiq-ajb\">https:\/\/meet.google.com\/gzp-xqiq-ajb<\/a><\/p>\n<p>&nbsp;<\/p>\n<p>[\/et_pb_accordion_item][et_pb_accordion_item title=&#8221;Regi\u00f3n de Coquimbo&#8221; _builder_version=&#8221;4.9.1&#8243; _module_preset=&#8221;default&#8221; open=&#8221;off&#8221;]<\/p>\n<p>Martes 16-03-2021<br \/>Horario: 17:00<\/p>\n<p>Mi\u00e9rcoles 17-03-2021<br \/>Horario: 17:00<\/p>\n<p>Jueves 18-03-2021<br \/>Horario: 17:00<\/p>\n<p>Viernes 19-03-2021<br \/>Horario: 16:00<\/p>\n<p>Lunes 22-03-2021<br \/>Horario: 15:30<\/p>\n<p>Martes 23-03-2021<br \/>Horario: 17:00<\/p>\n<p>Mi\u00e9rcoles 24-03-2021<br \/>Horario: 17:00<\/p>\n<p>Jueves 25-03-2021<br \/>Horario: 17:00<\/p>\n<p>Viernes 26-03-2021<br \/>Horario: 16:00<\/p>\n<p>Inscripciones: maria.vergara@ind.cl<\/p>\n<p>[\/et_pb_accordion_item][et_pb_accordion_item title=&#8221;Regi\u00f3n de Valpara\u00edso&#8221; _builder_version=&#8221;4.9.1&#8243; _module_preset=&#8221;default&#8221; open=&#8221;off&#8221;]<\/p>\n<p>&#8211; Lunes 15-03-2021<\/p>\n<p>Horario: 18:00 hrs.<br \/>Link: <a href=\"https:\/\/us02web.zoom.us\/j\/88555266584?pwd=UnF1MjhVZkVxa21KdWFyT2FzN25hUT09\">https:\/\/us02web.zoom.us\/j\/88555266584?pwd=UnF1MjhVZkVxa21KdWFyT2FzN25hUT09<\/a><br \/>ID de reuni\u00f3n: 885 5526 6584<br \/>C\u00f3digo de acceso: 708368<\/p>\n<p>&nbsp;<\/p>\n<p>\u2022 16-03-2021 horario por confirmar.<br \/>\u2022 17-03-2021 15:00 hrs capacitaci\u00f3n online.<br \/>\u2022 18-03-2021 15:00 hrs capacitaci\u00f3n online.<\/p>\n<p>[\/et_pb_accordion_item][et_pb_accordion_item title=&#8221;Regi\u00f3n Metropolitana&#8221; _builder_version=&#8221;4.9.1&#8243; _module_preset=&#8221;default&#8221; open=&#8221;off&#8221;]<\/p>\n<p>Mi\u00e9rcoles 17-03-2021<\/p>\n<p>Mi\u00e9rcoles 24-03-2021<\/p>\n<p>Mi\u00e9rcoles 31-03-2021<\/p>\n<p>Horario: 19:00 hrs.<\/p>\n<p>Link: <br \/><a href=\"https:\/\/us02web.zoom.us\/j\/99758079954\">https:\/\/us02web.zoom.us\/j\/99758079954<\/a><\/p>\n<p>&nbsp;<\/p>\n<p>[\/et_pb_accordion_item][et_pb_accordion_item title=&#8221;Regi\u00f3n de O\u2019higgins&#8221; _builder_version=&#8221;4.9.1&#8243; _module_preset=&#8221;default&#8221; open=&#8221;off&#8221;]<\/p>\n<p>Jueves 18-03-2021 <br \/>Horario 20:30 hrs. <br \/>Link: <a href=\"https:\/\/meet.google.com\/dsp-pbyd-rds\">https:\/\/meet.google.com\/dsp-pbyd-rds<\/a><\/p>\n<p>&nbsp;<\/p>\n<p>[\/et_pb_accordion_item][et_pb_accordion_item title=&#8221;Regi\u00f3n del Maule&#8221; _builder_version=&#8221;4.9.1&#8243; _module_preset=&#8221;default&#8221; open=&#8221;off&#8221;]<\/p>\n<p>Pronto m\u00e1s informaci\u00f3n<\/p>\n<p>[\/et_pb_accordion_item][et_pb_accordion_item title=&#8221;Regi\u00f3n de \u00d1uble&#8221; _builder_version=&#8221;4.9.1&#8243; _module_preset=&#8221;default&#8221; open=&#8221;off&#8221;]<\/p>\n<p>Mi\u00e9rcoles 17-03-2021 <br \/>Horario: 20:00 hrs. <br \/>Link: <a href=\"https:\/\/zoom.us\/j\/96194200358?pwd=VWFVL0RBUlB4MkFsT0Z3THB5cnAydz09\">https:\/\/zoom.us\/j\/96194200358?pwd=VWFVL0RBUlB4MkFsT0Z3THB5cnAydz09<\/a><\/p>\n<p>&nbsp;<\/p>\n<p>[\/et_pb_accordion_item][et_pb_accordion_item title=&#8221;Regi\u00f3n del B\u00edobio&#8221; _builder_version=&#8221;4.9.1&#8243; _module_preset=&#8221;default&#8221; open=&#8221;off&#8221;]<\/p>\n<p>Martes 16-03-2021<br \/>Horario: 17:30 hrs.<br \/>Link: <a href=\"https:\/\/us02web.zoom.us\/j\/81481767392?pwd=eGZpUU9WVmkrQUFHbWJyd1Rhb09CUT09\">https:\/\/us02web.zoom.us\/j\/81481767392?pwd=eGZpUU9WVmkrQUFHbWJyd1Rhb09CUT09<\/a><\/p>\n<p>Mi\u00e9rcoles 17-03-2021<br \/>Horario: 17:30 hrs.<br \/>Link: <a href=\"https:\/\/us02web.zoom.us\/j\/84982832029?pwd=T09zbzd3R0pxalhicVNYTksvNC9nQT09\">https:\/\/us02web.zoom.us\/j\/84982832029?pwd=T09zbzd3R0pxalhicVNYTksvNC9nQT09<\/a><\/p>\n<p>&nbsp;<\/p>\n<p>[\/et_pb_accordion_item][et_pb_accordion_item title=&#8221;Regi\u00f3n de la Araucan\u00eda&#8221; _builder_version=&#8221;4.9.1&#8243; _module_preset=&#8221;default&#8221; open=&#8221;off&#8221;]<\/p>\n<p>Mi\u00e9rcoles 17-03-2021 19:00 hrs.<br \/>Link de inscripci\u00f3n: <a href=\"meet.google.com\/jju-axzn-ybp\">meet.google.com\/jju-axzn-ybp<\/a><\/p>\n<p>Viernes 19-03-2021 19:00 hrs.<br \/>Link de inscripci\u00f3n: <a href=\"meet.google.com\/pbo-hpjx-vrr\">meet.google.com\/pbo-hpjx-vrr<\/a><\/p>\n<p>[\/et_pb_accordion_item][et_pb_accordion_item title=&#8221;Regi\u00f3n de Los Lagos &#8221; _builder_version=&#8221;4.9.1&#8243; _module_preset=&#8221;default&#8221; open=&#8221;off&#8221;]<\/p>\n<p>Jueves 18-03-2021<br \/>Link: <a href=\"http:\/\/meet.google.com\/hqw-nwbo-idv\">http:\/\/meet.google.com\/hqw-nwbo-idv<\/a><\/p>\n<p>Viernes 19-03-2021<br \/>Link: <a href=\"http:\/\/meet.google.com\/rfx-gyyt-znn\">http:\/\/meet.google.com\/rfx-gyyt-znn<\/a><\/p>\n<p>Lunes 22-03-2021<br \/>Link: <a href=\"http:\/\/meet.google.com\/nku-bkit-fve\">http:\/\/meet.google.com\/nku-bkit-fve<\/a><\/p>\n<p>Horario: 19:30 horas<\/p>\n<p>[\/et_pb_accordion_item][et_pb_accordion_item title=&#8221;Regi\u00f3n de Los R\u00edos&#8221; _builder_version=&#8221;4.9.1&#8243; _module_preset=&#8221;default&#8221; open=&#8221;off&#8221;]<\/p>\n<p>Martes 16-03-2021<br \/>Horario: 19:00 horas<\/p>\n<p>Mi\u00e9rcoles 17-03-2021 <br \/>Horario: 11:00 hrs.<\/p>\n<p>Mi\u00e9rcoles 17 de marzo<br \/>Horario: 19:00 hrs.<\/p>\n<p>Jueves 18-03-2021<br \/>Horario: 11:00 hrs,<\/p>\n<p>Jueves 18-03-2021<br \/>Horario: 16:00 hrs.<\/p>\n<p>Viernes 19-03-2021<br \/>Horarios: 11:00 hrs.<\/p>\n<p>Link: Enviar\u00e1n<\/p>\n<p>[\/et_pb_accordion_item][et_pb_accordion_item title=&#8221;Regi\u00f3n de Ays\u00e9n&#8221; _builder_version=&#8221;4.9.1&#8243; _module_preset=&#8221;default&#8221; open=&#8221;off&#8221;]<\/p>\n<p>Martes 16-03-2021<br \/>Horario: 19:00 hrs.<br \/>Link: <a href=\"https:\/\/zoom.us\/j\/94037242603?pwd=SDB1dklTTTZ5a3kzVlRBZWNHVElOUT09\">https:\/\/zoom.us\/j\/94037242603?pwd=SDB1dklTTTZ5a3kzVlRBZWNHVElOUT09<\/a><\/p>\n<p>Mi\u00e9rcoles 17-03-2021<br \/>Horario: 19:00 hrs.<br \/>Link: <a href=\"https:\/\/zoom.us\/j\/96927089526?pwd=R2tOMCttTWV3OUFXemRuVVNSRkZpdz09\">https:\/\/zoom.us\/j\/96927089526?pwd=R2tOMCttTWV3OUFXemRuVVNSRkZpdz09<\/a><\/p>\n<p>&nbsp;<\/p>\n<p>[\/et_pb_accordion_item][et_pb_accordion_item title=&#8221;Regi\u00f3n de Magallanes &#8221; _builder_version=&#8221;4.9.1&#8243; _module_preset=&#8221;default&#8221; open=&#8221;off&#8221;]<\/p>\n<p>Mi\u00e9rcoles 17-03-2021<br \/>Horario: 20:00 hrs. <br \/>Link: <a href=\"http:\/\/meet.google.com\/odt-zjcb-zse\">http:\/\/meet.google.com\/odt-zjcb-zse<\/a><\/p>\n<p>Jueves 18-03-2021<br \/>Horario: 20:00 hrs. <br \/>Link: <a href=\"http:\/\/meet.google.com\/mjy-fuzt-ibw\">http:\/\/meet.google.com\/mjy-fuzt-ibw<\/a><\/p>\n<p>&nbsp;<\/p>\n<p>[\/et_pb_accordion_item][\/et_pb_accordion][\/et_pb_column][\/et_pb_row][\/et_pb_section][et_pb_section fb_built=&#8221;1&#8243; custom_padding_last_edited=&#8221;on|phone&#8221; admin_label=&#8221;Hero section&#8221; _builder_version=&#8221;4.9.2&#8243; _module_preset=&#8221;default&#8221; use_background_color_gradient=&#8221;on&#8221; background_color_gradient_start=&#8221;rgba(255,255,255,0.54)&#8221; background_color_gradient_end=&#8221;rgba(2,0,76,0.45)&#8221; background_color_gradient_overlays_image=&#8221;on&#8221; parallax=&#8221;on&#8221; width_tablet=&#8221;&#8221; width_phone=&#8221;&#8221; width_last_edited=&#8221;on|desktop&#8221; max_width_tablet=&#8221;&#8221; max_width_phone=&#8221;&#8221; max_width_last_edited=&#8221;on|desktop&#8221; min_height_tablet=&#8221;&#8221; min_height_phone=&#8221;&#8221; min_height_last_edited=&#8221;on|desktop&#8221; height=&#8221;20em&#8221; height_tablet=&#8221;&#8221; height_phone=&#8221;&#8221; height_last_edited=&#8221;on|desktop&#8221; max_height=&#8221;20em&#8221; max_height_tablet=&#8221;&#8221; max_height_phone=&#8221;&#8221; max_height_last_edited=&#8221;on|desktop&#8221; custom_margin=&#8221;||||false|false&#8221; custom_margin_tablet=&#8221;&#8221; custom_margin_phone=&#8221;&#8221; custom_margin_last_edited=&#8221;on|desktop&#8221; custom_padding=&#8221;5em||30em||false|false&#8221; custom_padding_tablet=&#8221;1em||1em||false|false&#8221; custom_padding_phone=&#8221;2em|0em|2em|8em|false|false&#8221; hover_enabled=&#8221;0&#8243; background_last_edited=&#8221;on|phone&#8221; background_image_tablet=&#8221;https:\/\/www.ind.cl\/cuidemosnuestrodeporte\/wp-content\/uploads\/2021\/03\/headerok-1-e1615566596585.jpg&#8221; background_image_phone=&#8221;https:\/\/www.ind.cl\/cuidemosnuestrodeporte\/wp-content\/uploads\/2021\/03\/headerok-1-e1615566596585.jpg&#8221; background_enable_image_tablet=&#8221;on&#8221; background_enable_image_phone=&#8221;on&#8221; parallax_phone=&#8221;on&#8221; title_text_phone=&#8221;portLP&#8221; background_enable_image=&#8221;off&#8221; background_color=&#8221;#0C71C3&#8243; sticky_enabled=&#8221;0&#8243;][et_pb_row _builder_version=&#8221;4.9.1&#8243; _module_preset=&#8221;default&#8221;][et_pb_column type=&#8221;4_4&#8243; _builder_version=&#8221;4.9.1&#8243; _module_preset=&#8221;default&#8221;][et_pb_image src=&#8221;https:\/\/www.ind.cl\/cuidemosnuestrodeporte\/wp-content\/uploads\/2021\/03\/texto3.png&#8221; title_text=&#8221;texto3&#8243; _builder_version=&#8221;4.9.1&#8243; _module_preset=&#8221;default&#8221; width_tablet=&#8221;&#8221; width_phone=&#8221;&#8221; width_last_edited=&#8221;on|desktop&#8221; max_width_tablet=&#8221;&#8221; max_width_phone=&#8221;&#8221; max_width_last_edited=&#8221;on|desktop&#8221; min_height_tablet=&#8221;&#8221; min_height_phone=&#8221;&#8221; min_height_last_edited=&#8221;on|desktop&#8221; height=&#8221;22em&#8221; height_tablet=&#8221;&#8221; height_phone=&#8221;15em&#8221; height_last_edited=&#8221;on|desktop&#8221; max_height_tablet=&#8221;&#8221; max_height_phone=&#8221;&#8221; max_height_last_edited=&#8221;on|desktop&#8221; custom_margin_tablet=&#8221;&#8221; custom_margin_phone=&#8221;&#8221; custom_margin_last_edited=&#8221;on|desktop&#8221; custom_padding=&#8221;|||31em|false|false&#8221; custom_padding_tablet=&#8221;|||24em|false|false&#8221; custom_padding_phone=&#8221;|0em||1em|false|false&#8221; custom_padding_last_edited=&#8221;on|tablet&#8221; module_alignment_tablet=&#8221;&#8221; module_alignment_phone=&#8221;&#8221; module_alignment_last_edited=&#8221;on|desktop&#8221;][\/et_pb_image][\/et_pb_column][\/et_pb_row][\/et_pb_section]<\/p>\n","protected":false},"excerpt":{"rendered":"<p>[et_pb_section fb_built=&#8221;1&#8243; custom_padding_last_edited=&#8221;on|phone&#8221; admin_label=&#8221;Hero section&#8221; _builder_version=&#8221;4.9.2&#8243; _module_preset=&#8221;default&#8221; use_background_color_gradient=&#8221;on&#8221; background_color_gradient_start=&#8221;rgba(150,105,97,0.43)&#8221; background_color_gradient_end=&#8221;rgba(2,0,76,0.39)&#8221; background_color_gradient_overlays_image=&#8221;on&#8221; background_image=&#8221;https:\/\/www.ind.cl\/cuidemosnuestrodeporte\/wp-content\/uploads\/2021\/04\/Header1pprot-02.png&#8221; parallax=&#8221;on&#8221; width_tablet=&#8221;&#8221; width_phone=&#8221;&#8221; width_last_edited=&#8221;on|desktop&#8221; max_width_tablet=&#8221;&#8221; max_width_phone=&#8221;&#8221; max_width_last_edited=&#8221;on|desktop&#8221; min_height=&#8221;20em&#8221; min_height_tablet=&#8221;&#8221; min_height_phone=&#8221;8em&#8221; min_height_last_edited=&#8221;on|tablet&#8221; height=&#8221;45em&#8221; height_tablet=&#8221;&#8221; height_phone=&#8221;10em&#8221; height_last_edited=&#8221;on|desktop&#8221; max_height=&#8221;50em&#8221; max_height_tablet=&#8221;&#8221; max_height_phone=&#8221;13em&#8221; max_height_last_edited=&#8221;on|tablet&#8221; custom_margin=&#8221;|-23em|11px|0px|false|false&#8221; custom_margin_tablet=&#8221;10px|0em|41px|0px|false|false&#8221; custom_margin_phone=&#8221;0px|-2em|0px|0px|false|false&#8221; custom_margin_last_edited=&#8221;on|phone&#8221; custom_padding=&#8221;10em|14em|0em||false|false&#8221; custom_padding_tablet=&#8221;15em|10em|5em|61em|false|false&#8221; custom_padding_phone=&#8221;5em|24em|12em|11em|false|false&#8221; background_last_edited=&#8221;on|desktop&#8221; use_background_color_gradient_phone=&#8221;on&#8221; background_color_gradient_start_phone=&#8221;rgba(0,0,0,0)&#8221; background_color_gradient_end_phone=&#8221;#ffffff&#8221; background_color_gradient_start_position_phone=&#8221;23%&#8221; background_image_tablet=&#8221;https:\/\/www.ind.cl\/cuidemosnuestrodeporte\/wp-content\/uploads\/2021\/04\/Header1pprot-02.png&#8221; background_image_phone=&#8221;https:\/\/www.ind.cl\/cuidemosnuestrodeporte\/wp-content\/uploads\/2021\/04\/Header1pprot-02.png&#8221; background_enable_image_tablet=&#8221;on&#8221; background_enable_image_phone=&#8221;on&#8221; parallax_phone=&#8221;off&#8221; module_alignment_tablet=&#8221;center&#8221; module_alignment_phone=&#8221;center&#8221; module_alignment_last_edited=&#8221;on|phone&#8221; custom_padding__hover_enabled=&#8221;off|desktop&#8221;][\/et_pb_section][et_pb_section fb_built=&#8221;1&#8243; _builder_version=&#8221;4.9.2&#8243; _module_preset=&#8221;default&#8221; [&hellip;]<\/p>\n","protected":false},"author":1,"featured_media":0,"parent":0,"menu_order":0,"comment_status":"closed","ping_status":"closed","template":"","meta":{"_et_pb_use_builder":"on","_et_pb_old_content":"","_et_gb_content_width":"","footnotes":""},"class_list":["post-9","page","type-page","status-publish","hentry"],"_links":{"self":[{"href":"https:\/\/www.ind.cl\/cuidemosnuestrodeporte\/index.php?rest_route=\/wp\/v2\/pages\/9","targetHints":{"allow":["GET"]}}],"collection":[{"href":"https:\/\/www.ind.cl\/cuidemosnuestrodeporte\/index.php?rest_route=\/wp\/v2\/pages"}],"about":[{"href":"https:\/\/www.ind.cl\/cuidemosnuestrodeporte\/index.php?rest_route=\/wp\/v2\/types\/page"}],"author":[{"embeddable":true,"href":"https:\/\/www.ind.cl\/cuidemosnuestrodeporte\/index.php?rest_route=\/wp\/v2\/users\/1"}],"replies":[{"embeddable":true,"href":"https:\/\/www.ind.cl\/cuidemosnuestrodeporte\/index.php?rest_route=%2Fwp%2Fv2%2Fcomments&post=9"}],"version-history":[{"count":127,"href":"https:\/\/www.ind.cl\/cuidemosnuestrodeporte\/index.php?rest_route=\/wp\/v2\/pages\/9\/revisions"}],"predecessor-version":[{"id":345,"href":"https:\/\/www.ind.cl\/cuidemosnuestrodeporte\/index.php?rest_route=\/wp\/v2\/pages\/9\/revisions\/345"}],"wp:attachment":[{"href":"https:\/\/www.ind.cl\/cuidemosnuestrodeporte\/index.php?rest_route=%2Fwp%2Fv2%2Fmedia&parent=9"}],"curies":[{"name":"wp","href":"https:\/\/api.w.org\/{rel}","templated":true}]}}