{"id":240,"date":"2024-09-25T18:05:36","date_gmt":"2024-09-25T21:05:36","guid":{"rendered":"https:\/\/www.ind.cl\/jde\/?page_id=240"},"modified":"2024-10-23T12:28:44","modified_gmt":"2024-10-23T15:28:44","slug":"escenarios","status":"publish","type":"page","link":"https:\/\/www.ind.cl\/jde\/escenarios\/","title":{"rendered":"Escenarios"},"content":{"rendered":"\t\t<div data-elementor-type=\"wp-page\" data-elementor-id=\"240\" class=\"elementor elementor-240\" data-elementor-post-type=\"page\">\n\t\t\t\t<div class=\"elementor-element elementor-element-8181e7f e-con-full e-flex e-con e-parent\" data-id=\"8181e7f\" data-element_type=\"container\" data-settings=\"{&quot;background_background&quot;:&quot;classic&quot;}\">\n\t\t<div class=\"elementor-element elementor-element-cdc0872 e-flex e-con-boxed e-con e-child\" data-id=\"cdc0872\" data-element_type=\"container\">\n\t\t\t\t\t<div class=\"e-con-inner\">\n\t\t\t\t<div class=\"elementor-element elementor-element-8556310 elementor-widget elementor-widget-heading\" data-id=\"8556310\" data-element_type=\"widget\" data-widget_type=\"heading.default\">\n\t\t\t\t<div class=\"elementor-widget-container\">\n\t\t\t<h1 class=\"elementor-heading-title elementor-size-default\">Escenarios<\/h1>\t\t<\/div>\n\t\t\t\t<\/div>\n\t\t\t\t\t<\/div>\n\t\t\t\t<\/div>\n\t\t<div class=\"elementor-element elementor-element-495ce54 e-con-full e-flex e-con e-child\" data-id=\"495ce54\" data-element_type=\"container\">\n\t\t\t\t<div class=\"elementor-element elementor-element-8695227 elementor-widget elementor-widget-heading\" data-id=\"8695227\" data-element_type=\"widget\" data-widget_type=\"heading.default\">\n\t\t\t\t<div class=\"elementor-widget-container\">\n\t\t\t<h2 class=\"elementor-heading-title elementor-size-default\"><span class=\"bgazul\">Escenarios Valpara\u00edso, sede Final Nacional B\u00e1squetbol Juvenil<\/span><\/h2>\t\t<\/div>\n\t\t\t\t<\/div>\n\t\t\t\t<\/div>\n\t\t<div class=\"elementor-element elementor-element-93afb76 e-flex e-con-boxed e-con e-child\" data-id=\"93afb76\" data-element_type=\"container\">\n\t\t\t\t\t<div class=\"e-con-inner\">\n\t\t<div class=\"elementor-element elementor-element-d07213c e-con-full e-flex e-con e-child\" data-id=\"d07213c\" data-element_type=\"container\">\n\t\t\t\t<div class=\"elementor-element elementor-element-98a77db elementor-widget elementor-widget-heading\" data-id=\"98a77db\" data-element_type=\"widget\" data-widget_type=\"heading.default\">\n\t\t\t\t<div class=\"elementor-widget-container\">\n\t\t\t<h2 class=\"elementor-heading-title elementor-size-default\"><span class=\"bgazul\">Fort\u00edn Prat de Valpara\u00edso \n\n<\/span><\/h2>\t\t<\/div>\n\t\t\t\t<\/div>\n\t\t\t\t<div class=\"elementor-element elementor-element-54e54a3 elementor-widget elementor-widget-text-editor\" data-id=\"54e54a3\" data-element_type=\"widget\" data-widget_type=\"text-editor.default\">\n\t\t\t\t<div class=\"elementor-widget-container\">\n\t\t\t\t\t\t\t<p>El Fort\u00edn Prat de Valpara\u00edso es el principal gimnasio de baloncesto de la ciudad y posee una larga historia de eventos deportivos de toda \u00edndole. Fue inaugurado en 1994 con una orientaci\u00f3n norte-sur en la manzana que comprende las calles Rawson y Uruguay, y a solo metros del Congreso Nacional.<\/p><p>El Fort\u00edn ha sido escenario de grandes gestas deportivas como el mundialito de b\u00e1squetbol de 1966, que vio a la selecci\u00f3n de la URSS, la victoria de la selecci\u00f3n porte\u00f1a ante los originales Harlem Globetrotters en 1967 y los campeonato de Dimayor de Sportiva Italiana a inicios de los ochenta.<\/p><p>Durante los a\u00f1os se ha sometido a varias remodelaciones, siendo una de las m\u00e1s importantes, la de 1960 cuando su orientaci\u00f3n cambi\u00f3 a oriente-poniente y se instal\u00f3 el techo. A mediados del 2000 se coloc\u00f3 el piso de madera y se instal\u00f3 un escenario que sirve para todo tipo de espect\u00e1culos.<\/p><p><strong>En este recinto se disputar\u00e1 la competencia masculina en su fase de grupos.<\/strong><\/p>\t\t\t\t\t\t<\/div>\n\t\t\t\t<\/div>\n\t\t\t\t<\/div>\n\t\t<div class=\"elementor-element elementor-element-85dd6e9 e-con-full e-flex e-con e-child\" data-id=\"85dd6e9\" data-element_type=\"container\">\n\t\t<div class=\"elementor-element elementor-element-65801b6 e-con-full e-flex e-con e-child\" data-id=\"65801b6\" data-element_type=\"container\" data-settings=\"{&quot;background_background&quot;:&quot;classic&quot;}\">\n\t\t\t\t<div class=\"elementor-element elementor-element-2ef8dd9 elementor-widget elementor-widget-image\" data-id=\"2ef8dd9\" data-element_type=\"widget\" data-widget_type=\"image.default\">\n\t\t\t\t<div class=\"elementor-widget-container\">\n\t\t\t\t\t\t\t\t\t\t\t\t\t\t<a href=\"#elementor-action%3Aaction%3Dlightbox%26settings%3DeyJ1cmwiOiJodHRwczpcL1wvd3d3LmluZC5jbFwvamRlXC93cC1jb250ZW50XC91cGxvYWRzXC8yMDI0XC8xMFwvZm9ydGluLXByYXQuanBnIiwidHlwZSI6ImltYWdlIiwidGl0bGUiOiJmb3J0aW4gcHJhdCJ9\">\n\t\t\t\t\t\t\t<img fetchpriority=\"high\" decoding=\"async\" width=\"780\" height=\"380\" src=\"https:\/\/www.ind.cl\/jde\/wp-content\/uploads\/2024\/09\/blank-escenarios.png\" class=\"attachment-full size-full wp-image-248\" alt=\"\" srcset=\"https:\/\/www.ind.cl\/jde\/wp-content\/uploads\/2024\/09\/blank-escenarios.png 780w, https:\/\/www.ind.cl\/jde\/wp-content\/uploads\/2024\/09\/blank-escenarios-300x146.png 300w, https:\/\/www.ind.cl\/jde\/wp-content\/uploads\/2024\/09\/blank-escenarios-768x374.png 768w\" sizes=\"(max-width: 780px) 100vw, 780px\" \/>\t\t\t\t\t\t\t\t<\/a>\n\t\t\t\t\t\t\t\t\t\t\t\t\t<\/div>\n\t\t\t\t<\/div>\n\t\t\t\t<\/div>\n\t\t\t\t<\/div>\n\t\t\t\t\t<\/div>\n\t\t\t\t<\/div>\n\t\t<div class=\"elementor-element elementor-element-6a9fb8a e-flex e-con-boxed e-con e-child\" data-id=\"6a9fb8a\" data-element_type=\"container\">\n\t\t\t\t\t<div class=\"e-con-inner\">\n\t\t<div class=\"elementor-element elementor-element-af6836e e-con-full e-flex e-con e-child\" data-id=\"af6836e\" data-element_type=\"container\">\n\t\t<div class=\"elementor-element elementor-element-ca7b3a1 e-con-full e-flex e-con e-child\" data-id=\"ca7b3a1\" data-element_type=\"container\" data-settings=\"{&quot;background_background&quot;:&quot;classic&quot;}\">\n\t\t\t\t<div class=\"elementor-element elementor-element-a0cb138 elementor-widget elementor-widget-image\" data-id=\"a0cb138\" data-element_type=\"widget\" data-widget_type=\"image.default\">\n\t\t\t\t<div class=\"elementor-widget-container\">\n\t\t\t\t\t\t\t\t\t\t\t\t\t\t<a href=\"#elementor-action%3Aaction%3Dlightbox%26settings%3DeyJ1cmwiOiJodHRwczpcL1wvd3d3LmluZC5jbFwvamRlXC93cC1jb250ZW50XC91cGxvYWRzXC8yMDI0XC8xMFwvR2ltbmFzaW8tQ2FzYS1DZW50cmFsLVBVQ1YuanBlZyIsInR5cGUiOiJpbWFnZSIsInRpdGxlIjoiR2ltbmFzaW8gQ2FzYSBDZW50cmFsIFBVQ1YifQ%3D%3D\">\n\t\t\t\t\t\t\t<img fetchpriority=\"high\" decoding=\"async\" width=\"780\" height=\"380\" src=\"https:\/\/www.ind.cl\/jde\/wp-content\/uploads\/2024\/09\/blank-escenarios.png\" class=\"attachment-full size-full wp-image-248\" alt=\"\" srcset=\"https:\/\/www.ind.cl\/jde\/wp-content\/uploads\/2024\/09\/blank-escenarios.png 780w, https:\/\/www.ind.cl\/jde\/wp-content\/uploads\/2024\/09\/blank-escenarios-300x146.png 300w, https:\/\/www.ind.cl\/jde\/wp-content\/uploads\/2024\/09\/blank-escenarios-768x374.png 768w\" sizes=\"(max-width: 780px) 100vw, 780px\" \/>\t\t\t\t\t\t\t\t<\/a>\n\t\t\t\t\t\t\t\t\t\t\t\t\t<\/div>\n\t\t\t\t<\/div>\n\t\t\t\t<\/div>\n\t\t\t\t<\/div>\n\t\t<div class=\"elementor-element elementor-element-10957cf e-con-full e-flex e-con e-child\" data-id=\"10957cf\" data-element_type=\"container\">\n\t\t\t\t<div class=\"elementor-element elementor-element-a4bb002 elementor-widget elementor-widget-heading\" data-id=\"a4bb002\" data-element_type=\"widget\" data-widget_type=\"heading.default\">\n\t\t\t\t<div class=\"elementor-widget-container\">\n\t\t\t<h2 class=\"elementor-heading-title elementor-size-default\"><span class=\"bgazul\">Gimnasio Casa Central PUCV, Valpara\u00edso<\/span><\/h2>\t\t<\/div>\n\t\t\t\t<\/div>\n\t\t\t\t<div class=\"elementor-element elementor-element-0627296 elementor-widget elementor-widget-text-editor\" data-id=\"0627296\" data-element_type=\"widget\" data-widget_type=\"text-editor.default\">\n\t\t\t\t<div class=\"elementor-widget-container\">\n\t\t\t\t\t\t\t<p>El gimnasio de la Casa Central de la Pontificia Universidad Cat\u00f3lica de Valpara\u00edso, se ubica al interior de la sede original de la PUCV, en pleno barrio Almendral e inici\u00f3 sus actividades en 1928. El recinto deportivo se inaugur\u00f3 en 1952 y una d\u00e9cada despu\u00e9s se instal\u00f3 la carpeta de madera y el techo, el que se ha ido remodelando durante los a\u00f1os.<\/p><p>El gimnasio ha sido sede de grandes jornadas deportivas universitarias y tambi\u00e9n del sistema nacional de competencias deportivas del IND, como los Juegos Escolares y Binacionales. Debido a que se ubica dentro de la Universidad, es habitual la presencia y participaci\u00f3n de alumnos en las competencias.<\/p><p><strong>En este recinto se disputar\u00e1 la competencia masculina en su fase de grupos.<\/strong><\/p>\t\t\t\t\t\t<\/div>\n\t\t\t\t<\/div>\n\t\t\t\t<\/div>\n\t\t\t\t\t<\/div>\n\t\t\t\t<\/div>\n\t\t<div class=\"elementor-element elementor-element-b2ef2db e-flex e-con-boxed e-con e-child\" data-id=\"b2ef2db\" data-element_type=\"container\">\n\t\t\t\t\t<div class=\"e-con-inner\">\n\t\t<div class=\"elementor-element elementor-element-dd21e33 e-con-full e-flex e-con e-child\" data-id=\"dd21e33\" data-element_type=\"container\">\n\t\t\t\t<div class=\"elementor-element elementor-element-37dd12b elementor-widget elementor-widget-heading\" data-id=\"37dd12b\" data-element_type=\"widget\" data-widget_type=\"heading.default\">\n\t\t\t\t<div class=\"elementor-widget-container\">\n\t\t\t<h2 class=\"elementor-heading-title elementor-size-default\"><span class=\"bgazul\">Polideportivo Renato Raggio, Valpara\u00edso\n<\/span><\/h2>\t\t<\/div>\n\t\t\t\t<\/div>\n\t\t\t\t<div class=\"elementor-element elementor-element-d7ad847 elementor-widget elementor-widget-text-editor\" data-id=\"d7ad847\" data-element_type=\"widget\" data-widget_type=\"text-editor.default\">\n\t\t\t\t<div class=\"elementor-widget-container\">\n\t\t\t\t\t\t\t<p>El Polideportivo Renato Raggio, se ubica dentro del Complejo Deportivo Alejo Barrios en el sector de Playa Ancha Valpara\u00edso y lleva el nombre de un destacado entrenador de baloncesto, muy ligado a la Sportiva Italiana. Se inaugur\u00f3 el 2014 como parte de la red de polideportivos Chile Entrena.<\/p><p>Desde su creaci\u00f3n ha albergado una serie de competencias como Juegos Escolares, Juegos Binacionales y torneos de las asociaciones deportivas federadas en disciplinas como: balonmano, voleibol, b\u00e1squetbol, futsal, halterofilia, gimnasia y todo tipo de artes marciales.<\/p><p><strong>En este recinto se disputar\u00e1 la competencia femenina en su fase de grupos.<\/strong><\/p>\t\t\t\t\t\t<\/div>\n\t\t\t\t<\/div>\n\t\t\t\t<\/div>\n\t\t<div class=\"elementor-element elementor-element-0765890 e-con-full e-flex e-con e-child\" data-id=\"0765890\" data-element_type=\"container\">\n\t\t<div class=\"elementor-element elementor-element-ec00a53 e-con-full e-flex e-con e-child\" data-id=\"ec00a53\" data-element_type=\"container\" data-settings=\"{&quot;background_background&quot;:&quot;classic&quot;}\">\n\t\t\t\t<div class=\"elementor-element elementor-element-525a2d7 elementor-widget elementor-widget-image\" data-id=\"525a2d7\" data-element_type=\"widget\" data-widget_type=\"image.default\">\n\t\t\t\t<div class=\"elementor-widget-container\">\n\t\t\t\t\t\t\t\t\t\t\t\t\t\t<a href=\"#elementor-action%3Aaction%3Dlightbox%26settings%3DeyJ1cmwiOiJodHRwczpcL1wvd3d3LmluZC5jbFwvamRlXC93cC1jb250ZW50XC91cGxvYWRzXC8yMDI0XC8xMFwvci1yYWdnaW8uanBnIiwidHlwZSI6ImltYWdlIiwidGl0bGUiOiJyIHJhZ2dpbyJ9\">\n\t\t\t\t\t\t\t<img fetchpriority=\"high\" decoding=\"async\" width=\"780\" height=\"380\" src=\"https:\/\/www.ind.cl\/jde\/wp-content\/uploads\/2024\/09\/blank-escenarios.png\" class=\"attachment-full size-full wp-image-248\" alt=\"\" srcset=\"https:\/\/www.ind.cl\/jde\/wp-content\/uploads\/2024\/09\/blank-escenarios.png 780w, https:\/\/www.ind.cl\/jde\/wp-content\/uploads\/2024\/09\/blank-escenarios-300x146.png 300w, https:\/\/www.ind.cl\/jde\/wp-content\/uploads\/2024\/09\/blank-escenarios-768x374.png 768w\" sizes=\"(max-width: 780px) 100vw, 780px\" \/>\t\t\t\t\t\t\t\t<\/a>\n\t\t\t\t\t\t\t\t\t\t\t\t\t<\/div>\n\t\t\t\t<\/div>\n\t\t\t\t<\/div>\n\t\t\t\t<\/div>\n\t\t\t\t\t<\/div>\n\t\t\t\t<\/div>\n\t\t<div class=\"elementor-element elementor-element-794f0f1 e-flex e-con-boxed e-con e-child\" data-id=\"794f0f1\" data-element_type=\"container\">\n\t\t\t\t\t<div class=\"e-con-inner\">\n\t\t<div class=\"elementor-element elementor-element-40faf8e e-con-full e-flex e-con e-child\" data-id=\"40faf8e\" data-element_type=\"container\">\n\t\t<div class=\"elementor-element elementor-element-5186f6d e-con-full e-flex e-con e-child\" data-id=\"5186f6d\" data-element_type=\"container\" data-settings=\"{&quot;background_background&quot;:&quot;classic&quot;}\">\n\t\t\t\t<div class=\"elementor-element elementor-element-d34b2b8 elementor-widget elementor-widget-image\" data-id=\"d34b2b8\" data-element_type=\"widget\" data-widget_type=\"image.default\">\n\t\t\t\t<div class=\"elementor-widget-container\">\n\t\t\t\t\t\t\t\t\t\t\t\t\t\t<a href=\"#elementor-action%3Aaction%3Dlightbox%26settings%3DeyJ1cmwiOiJodHRwczpcL1wvd3d3LmluZC5jbFwvamRlXC93cC1jb250ZW50XC91cGxvYWRzXC8yMDI0XC8xMFwvZXNjdWVsYS1uYXZhbC5qcGciLCJ0eXBlIjoiaW1hZ2UiLCJ0aXRsZSI6ImVzY3VlbGEgbmF2YWwifQ%3D%3D\">\n\t\t\t\t\t\t\t<img fetchpriority=\"high\" decoding=\"async\" width=\"780\" height=\"380\" src=\"https:\/\/www.ind.cl\/jde\/wp-content\/uploads\/2024\/09\/blank-escenarios.png\" class=\"attachment-full size-full wp-image-248\" alt=\"\" srcset=\"https:\/\/www.ind.cl\/jde\/wp-content\/uploads\/2024\/09\/blank-escenarios.png 780w, https:\/\/www.ind.cl\/jde\/wp-content\/uploads\/2024\/09\/blank-escenarios-300x146.png 300w, https:\/\/www.ind.cl\/jde\/wp-content\/uploads\/2024\/09\/blank-escenarios-768x374.png 768w\" sizes=\"(max-width: 780px) 100vw, 780px\" \/>\t\t\t\t\t\t\t\t<\/a>\n\t\t\t\t\t\t\t\t\t\t\t\t\t<\/div>\n\t\t\t\t<\/div>\n\t\t\t\t<\/div>\n\t\t\t\t<\/div>\n\t\t<div class=\"elementor-element elementor-element-84cc480 e-con-full e-flex e-con e-child\" data-id=\"84cc480\" data-element_type=\"container\">\n\t\t\t\t<div class=\"elementor-element elementor-element-33db62c elementor-widget elementor-widget-heading\" data-id=\"33db62c\" data-element_type=\"widget\" data-widget_type=\"heading.default\">\n\t\t\t\t<div class=\"elementor-widget-container\">\n\t\t\t<h2 class=\"elementor-heading-title elementor-size-default\"><span class=\"bgazul\">Gimnasio Escuela Naval Arturo Prat de Valpara\u00edso<\/span><\/h2>\t\t<\/div>\n\t\t\t\t<\/div>\n\t\t\t\t<div class=\"elementor-element elementor-element-10fc734 elementor-widget elementor-widget-text-editor\" data-id=\"10fc734\" data-element_type=\"widget\" data-widget_type=\"text-editor.default\">\n\t\t\t\t<div class=\"elementor-widget-container\">\n\t\t\t\t\t\t\t<p>Se ubica al interior de la Escuela Naval Arturo Prat, en el sector de Playa Ancha, Valpara\u00edso y a menos de 100 mts del Polideportivo Renato Raggio. El \u00e1rea deportiva alberga cerca de 26 mil m2 y cuenta con dos canchas y una piscina ol\u00edmpica, adem\u00e1s de una cancha de f\u00fatbol con pista atl\u00e9tica.<\/p><p><strong>En este recinto se disputar\u00e1 la competencia femenina en su fase de grupos.<\/strong><\/p>\t\t\t\t\t\t<\/div>\n\t\t\t\t<\/div>\n\t\t\t\t<\/div>\n\t\t\t\t\t<\/div>\n\t\t\t\t<\/div>\n\t\t<div class=\"elementor-element elementor-element-5944408 e-con-full e-flex e-con e-child\" data-id=\"5944408\" data-element_type=\"container\">\n\t\t\t\t<div class=\"elementor-element elementor-element-52bb2c2 elementor-widget elementor-widget-heading\" data-id=\"52bb2c2\" data-element_type=\"widget\" data-widget_type=\"heading.default\">\n\t\t\t\t<div class=\"elementor-widget-container\">\n\t\t\t<h2 class=\"elementor-heading-title elementor-size-default\"><span class=\"bgazul\">Escenarios Santiago, sede Final Nacional SUB 14<\/span><\/h2>\t\t<\/div>\n\t\t\t\t<\/div>\n\t\t\t\t<\/div>\n\t\t<div class=\"elementor-element elementor-element-6df87ac e-flex e-con-boxed e-con e-child\" data-id=\"6df87ac\" data-element_type=\"container\">\n\t\t\t\t\t<div class=\"e-con-inner\">\n\t\t<div class=\"elementor-element elementor-element-6b6dcab e-con-full e-flex e-con e-child\" data-id=\"6b6dcab\" data-element_type=\"container\">\n\t\t\t\t<div class=\"elementor-element elementor-element-d64fbba elementor-widget elementor-widget-heading\" data-id=\"d64fbba\" data-element_type=\"widget\" data-widget_type=\"heading.default\">\n\t\t\t\t<div class=\"elementor-widget-container\">\n\t\t\t<h2 class=\"elementor-heading-title elementor-size-default\"><span class=\"bgazul\">Parque Estadio Nacional<\/span><\/h2>\t\t<\/div>\n\t\t\t\t<\/div>\n\t\t\t\t<div class=\"elementor-element elementor-element-ab312c2 elementor-widget elementor-widget-text-editor\" data-id=\"ab312c2\" data-element_type=\"widget\" data-widget_type=\"text-editor.default\">\n\t\t\t\t<div class=\"elementor-widget-container\">\n\t\t\t\t\t\t\t<p>El principal recinto deportivo del pa\u00eds albergar\u00e1 el grueso de las competencias de la Final Nacional de los Juegos Deportivos Escolares 2023, con los nuevos centros de entrenamientos en diferentes deportes y que son parte del legado de los Juegos Panamericanos y Parapanamericanos de Santiago 2023, mejorando su arquitectura, paisajismo, accesibilidad universal, iluminaci\u00f3n, entre otras.<\/p><p>Las 64 hect\u00e1reas las que componen el Parque cuentan con renovadas \u00e1reas verdes, veredas de circulaci\u00f3n peatonal y ciclov\u00edas, canchas p\u00fablicas de f\u00fatbol, rugby y otras disciplinas.<\/p>\t\t\t\t\t\t<\/div>\n\t\t\t\t<\/div>\n\t\t\t\t<\/div>\n\t\t<div class=\"elementor-element elementor-element-b907818 e-con-full e-flex e-con e-child\" data-id=\"b907818\" data-element_type=\"container\">\n\t\t<div class=\"elementor-element elementor-element-f8305bd e-con-full e-flex e-con e-child\" data-id=\"f8305bd\" data-element_type=\"container\" data-settings=\"{&quot;background_background&quot;:&quot;classic&quot;}\">\n\t\t\t\t<div class=\"elementor-element elementor-element-4bb1981 elementor-widget elementor-widget-image\" data-id=\"4bb1981\" data-element_type=\"widget\" data-widget_type=\"image.default\">\n\t\t\t\t<div class=\"elementor-widget-container\">\n\t\t\t\t\t\t\t\t\t\t\t\t\t\t<a href=\"#elementor-action%3Aaction%3Dlightbox%26settings%3DeyJ1cmwiOiJodHRwczpcL1wvdGplc2NvbGFyZXMudGFudS5jbFwvd3AtY29udGVudFwvdXBsb2Fkc1wvMjAyNFwvMDlcL1Bhbm9yYW1pY2EtUGFycXVlLUVzdGFkaW8tTmFjaW9uYWwuanBnIiwidHlwZSI6ImltYWdlIiwidGl0bGUiOiJQYW5vcmFtaWNhLVBhcnF1ZS1Fc3RhZGlvLU5hY2lvbmFsIn0%3D\">\n\t\t\t\t\t\t\t<img fetchpriority=\"high\" decoding=\"async\" width=\"780\" height=\"380\" src=\"https:\/\/www.ind.cl\/jde\/wp-content\/uploads\/2024\/09\/blank-escenarios.png\" class=\"attachment-full size-full wp-image-248\" alt=\"\" srcset=\"https:\/\/www.ind.cl\/jde\/wp-content\/uploads\/2024\/09\/blank-escenarios.png 780w, https:\/\/www.ind.cl\/jde\/wp-content\/uploads\/2024\/09\/blank-escenarios-300x146.png 300w, https:\/\/www.ind.cl\/jde\/wp-content\/uploads\/2024\/09\/blank-escenarios-768x374.png 768w\" sizes=\"(max-width: 780px) 100vw, 780px\" \/>\t\t\t\t\t\t\t\t<\/a>\n\t\t\t\t\t\t\t\t\t\t\t\t\t<\/div>\n\t\t\t\t<\/div>\n\t\t\t\t<\/div>\n\t\t\t\t<\/div>\n\t\t\t\t\t<\/div>\n\t\t\t\t<\/div>\n\t\t<div class=\"elementor-element elementor-element-d842b7b e-flex e-con-boxed e-con e-child\" data-id=\"d842b7b\" data-element_type=\"container\">\n\t\t\t\t\t<div class=\"e-con-inner\">\n\t\t<div class=\"elementor-element elementor-element-640b0fe e-con-full e-flex e-con e-child\" data-id=\"640b0fe\" data-element_type=\"container\">\n\t\t<div class=\"elementor-element elementor-element-19ccdde e-con-full e-flex e-con e-child\" data-id=\"19ccdde\" data-element_type=\"container\" data-settings=\"{&quot;background_background&quot;:&quot;classic&quot;}\">\n\t\t\t\t<div class=\"elementor-element elementor-element-102778d elementor-widget elementor-widget-image\" data-id=\"102778d\" data-element_type=\"widget\" data-widget_type=\"image.default\">\n\t\t\t\t<div class=\"elementor-widget-container\">\n\t\t\t\t\t\t\t\t\t\t\t\t\t\t<a href=\"#elementor-action%3Aaction%3Dlightbox%26settings%3DeyJ1cmwiOiJodHRwczpcL1wvdGplc2NvbGFyZXMudGFudS5jbFwvd3AtY29udGVudFwvdXBsb2Fkc1wvMjAyNFwvMDlcL21hcmlvLXJlY29yZG9uLXNjYWxlZC5qcGciLCJ0eXBlIjoiaW1hZ2UiLCJ0aXRsZSI6Im1hcmlvIHJlY29yZFx1MDBmM24ifQ%3D%3D\">\n\t\t\t\t\t\t\t<img fetchpriority=\"high\" decoding=\"async\" width=\"780\" height=\"380\" src=\"https:\/\/www.ind.cl\/jde\/wp-content\/uploads\/2024\/09\/blank-escenarios.png\" class=\"attachment-full size-full wp-image-248\" alt=\"\" srcset=\"https:\/\/www.ind.cl\/jde\/wp-content\/uploads\/2024\/09\/blank-escenarios.png 780w, https:\/\/www.ind.cl\/jde\/wp-content\/uploads\/2024\/09\/blank-escenarios-300x146.png 300w, https:\/\/www.ind.cl\/jde\/wp-content\/uploads\/2024\/09\/blank-escenarios-768x374.png 768w\" sizes=\"(max-width: 780px) 100vw, 780px\" \/>\t\t\t\t\t\t\t\t<\/a>\n\t\t\t\t\t\t\t\t\t\t\t\t\t<\/div>\n\t\t\t\t<\/div>\n\t\t\t\t<\/div>\n\t\t\t\t<\/div>\n\t\t<div class=\"elementor-element elementor-element-293307d e-con-full e-flex e-con e-child\" data-id=\"293307d\" data-element_type=\"container\">\n\t\t\t\t<div class=\"elementor-element elementor-element-182f55d elementor-widget elementor-widget-heading\" data-id=\"182f55d\" data-element_type=\"widget\" data-widget_type=\"heading.default\">\n\t\t\t\t<div class=\"elementor-widget-container\">\n\t\t\t<h2 class=\"elementor-heading-title elementor-size-default\"><span class=\"bgazul\">Centro de Entrenamiento de Atletismo Mario Record\u00f3n<\/span><\/h2>\t\t<\/div>\n\t\t\t\t<\/div>\n\t\t\t\t<div class=\"elementor-element elementor-element-883d3b7 elementor-widget elementor-widget-text-editor\" data-id=\"883d3b7\" data-element_type=\"widget\" data-widget_type=\"text-editor.default\">\n\t\t\t\t<div class=\"elementor-widget-container\">\n\t\t\t\t\t\t\t<p>Es uno de los recintos que se construy\u00f3 para albergar actividades atl\u00e9ticas de los Juegos Parapanamericanos de Santiago 2023. Entre las obras consideradas, destacan la reposici\u00f3n de la pista atl\u00e9tica y \u00e1rea de entrenamiento para lanzamientos. Adicionalmente, incluye la reposici\u00f3n y construcci\u00f3n de oficina, servicios higi\u00e9nicos, \u00e1reas multiuso, sala de fisioterapia, pista de entrenamiento indoor, sala de musculaci\u00f3n, sala de monitores, sala de cardio multiuso, grader\u00edas y \u00e1reas verdes, entre otras.<\/p><p><strong>Aqu\u00ed se realizar\u00e1n el atletismo y atletismo adaptado.<\/strong><\/p>\t\t\t\t\t\t<\/div>\n\t\t\t\t<\/div>\n\t\t\t\t<\/div>\n\t\t\t\t\t<\/div>\n\t\t\t\t<\/div>\n\t\t<div class=\"elementor-element elementor-element-0673a37 e-flex e-con-boxed e-con e-child\" data-id=\"0673a37\" data-element_type=\"container\">\n\t\t\t\t\t<div class=\"e-con-inner\">\n\t\t<div class=\"elementor-element elementor-element-241e978 e-con-full e-flex e-con e-child\" data-id=\"241e978\" data-element_type=\"container\">\n\t\t\t\t<div class=\"elementor-element elementor-element-21f2280 elementor-widget elementor-widget-heading\" data-id=\"21f2280\" data-element_type=\"widget\" data-widget_type=\"heading.default\">\n\t\t\t\t<div class=\"elementor-widget-container\">\n\t\t\t<h2 class=\"elementor-heading-title elementor-size-default\"><span class=\"bgazul\">Centro de Deportes Colectivos<\/span><\/h2>\t\t<\/div>\n\t\t\t\t<\/div>\n\t\t\t\t<div class=\"elementor-element elementor-element-f5760be elementor-widget elementor-widget-text-editor\" data-id=\"f5760be\" data-element_type=\"widget\" data-widget_type=\"text-editor.default\">\n\t\t\t\t<div class=\"elementor-widget-container\">\n\t\t\t\t\t\t\t<p>Este nuevo recinto de 13.600 mts2 fue construido para disciplinas como el b\u00e1squetbol, balonmano y v\u00f3leibol, entre otras. Cuenta con un recinto para competencias y un \u00e1rea de entrenamientos, el que tambi\u00e9n se puede utilizar para diferentes torneos. En los Juegos Panamericanos y Parapanamericanos fue utilizado para la Gimnasia y el Rugby en Silla de Ruedas, respectivamente.<\/p><p><strong>Aqu\u00ed se disputar\u00e1n el balonmano, b\u00e1squetbol, futsal y v\u00f3leibol.<\/strong><\/p>\t\t\t\t\t\t<\/div>\n\t\t\t\t<\/div>\n\t\t\t\t<\/div>\n\t\t<div class=\"elementor-element elementor-element-23b855e e-con-full e-flex e-con e-child\" data-id=\"23b855e\" data-element_type=\"container\">\n\t\t<div class=\"elementor-element elementor-element-5df68d1 e-con-full e-flex e-con e-child\" data-id=\"5df68d1\" data-element_type=\"container\" data-settings=\"{&quot;background_background&quot;:&quot;classic&quot;}\">\n\t\t\t\t<div class=\"elementor-element elementor-element-4b2ae06 elementor-widget elementor-widget-image\" data-id=\"4b2ae06\" data-element_type=\"widget\" data-widget_type=\"image.default\">\n\t\t\t\t<div class=\"elementor-widget-container\">\n\t\t\t\t\t\t\t\t\t\t\t\t\t\t<a href=\"#elementor-action%3Aaction%3Dlightbox%26settings%3DeyJ1cmwiOiJodHRwczpcL1wvdGplc2NvbGFyZXMudGFudS5jbFwvd3AtY29udGVudFwvdXBsb2Fkc1wvMjAyNFwvMDlcL0NvbGVjdGl2by0yLXNjYWxlZC5qcGciLCJ0eXBlIjoiaW1hZ2UiLCJ0aXRsZSI6IkNvbGVjdGl2byAyIn0%3D\">\n\t\t\t\t\t\t\t<img fetchpriority=\"high\" decoding=\"async\" width=\"780\" height=\"380\" src=\"https:\/\/www.ind.cl\/jde\/wp-content\/uploads\/2024\/09\/blank-escenarios.png\" class=\"attachment-full size-full wp-image-248\" alt=\"\" srcset=\"https:\/\/www.ind.cl\/jde\/wp-content\/uploads\/2024\/09\/blank-escenarios.png 780w, https:\/\/www.ind.cl\/jde\/wp-content\/uploads\/2024\/09\/blank-escenarios-300x146.png 300w, https:\/\/www.ind.cl\/jde\/wp-content\/uploads\/2024\/09\/blank-escenarios-768x374.png 768w\" sizes=\"(max-width: 780px) 100vw, 780px\" \/>\t\t\t\t\t\t\t\t<\/a>\n\t\t\t\t\t\t\t\t\t\t\t\t\t<\/div>\n\t\t\t\t<\/div>\n\t\t\t\t<\/div>\n\t\t\t\t<\/div>\n\t\t\t\t\t<\/div>\n\t\t\t\t<\/div>\n\t\t<div class=\"elementor-element elementor-element-7206533 e-flex e-con-boxed e-con e-child\" data-id=\"7206533\" data-element_type=\"container\">\n\t\t\t\t\t<div class=\"e-con-inner\">\n\t\t<div class=\"elementor-element elementor-element-43c29d0 e-con-full e-flex e-con e-child\" data-id=\"43c29d0\" data-element_type=\"container\">\n\t\t<div class=\"elementor-element elementor-element-64903ca e-con-full e-flex e-con e-child\" data-id=\"64903ca\" data-element_type=\"container\" data-settings=\"{&quot;background_background&quot;:&quot;classic&quot;}\">\n\t\t\t\t<div class=\"elementor-element elementor-element-eaffeb9 elementor-widget elementor-widget-image\" data-id=\"eaffeb9\" data-element_type=\"widget\" data-widget_type=\"image.default\">\n\t\t\t\t<div class=\"elementor-widget-container\">\n\t\t\t\t\t\t\t\t\t\t\t\t\t\t<a href=\"#elementor-action%3Aaction%3Dlightbox%26settings%3DeyJ1cmwiOiJodHRwczpcL1wvdGplc2NvbGFyZXMudGFudS5jbFwvd3AtY29udGVudFwvdXBsb2Fkc1wvMjAyNFwvMDlcL1BvbGlkZXBvcnRpdm8uanBnIiwidHlwZSI6ImltYWdlIiwidGl0bGUiOiJQb2xpZGVwb3J0aXZvIn0%3D\">\n\t\t\t\t\t\t\t<img fetchpriority=\"high\" decoding=\"async\" width=\"780\" height=\"380\" src=\"https:\/\/www.ind.cl\/jde\/wp-content\/uploads\/2024\/09\/blank-escenarios.png\" class=\"attachment-full size-full wp-image-248\" alt=\"\" srcset=\"https:\/\/www.ind.cl\/jde\/wp-content\/uploads\/2024\/09\/blank-escenarios.png 780w, https:\/\/www.ind.cl\/jde\/wp-content\/uploads\/2024\/09\/blank-escenarios-300x146.png 300w, https:\/\/www.ind.cl\/jde\/wp-content\/uploads\/2024\/09\/blank-escenarios-768x374.png 768w\" sizes=\"(max-width: 780px) 100vw, 780px\" \/>\t\t\t\t\t\t\t\t<\/a>\n\t\t\t\t\t\t\t\t\t\t\t\t\t<\/div>\n\t\t\t\t<\/div>\n\t\t\t\t<\/div>\n\t\t\t\t<\/div>\n\t\t<div class=\"elementor-element elementor-element-4b31918 e-con-full e-flex e-con e-child\" data-id=\"4b31918\" data-element_type=\"container\">\n\t\t\t\t<div class=\"elementor-element elementor-element-549bf9e elementor-widget elementor-widget-heading\" data-id=\"549bf9e\" data-element_type=\"widget\" data-widget_type=\"heading.default\">\n\t\t\t\t<div class=\"elementor-widget-container\">\n\t\t\t<h2 class=\"elementor-heading-title elementor-size-default\"><span class=\"bgazul\">Polideportivo<\/span><\/h2>\t\t<\/div>\n\t\t\t\t<\/div>\n\t\t\t\t<div class=\"elementor-element elementor-element-0d06a22 elementor-widget elementor-widget-text-editor\" data-id=\"0d06a22\" data-element_type=\"widget\" data-widget_type=\"text-editor.default\">\n\t\t\t\t<div class=\"elementor-widget-container\">\n\t\t\t\t\t\t\t<p>Se inaugur\u00f3 para albergar distintas disciplinas en los Juegos Suramericanos. La obra tiene una capacidad estimada de cuatro mil espectadores, tanto para eventos deportivos como art\u00edsticos. En una primera etapa constructiva se realiz\u00f3 toda la obra gruesa, luego las etapas de montaje de prefabricados, el de la estructura met\u00e1lica de la cubierta y las terminaciones. Fue dise\u00f1ada con los m\u00e1s altos est\u00e1ndares de sustentabilidad y seguridad, destacando en su estructura los dos grandes arcos parab\u00f3licos de 108 metros de largo, con un cielo curvo que permite aprovechar la luz, controlar el calor y el ruido.<\/p><p><strong>Aqu\u00ed se disputar\u00e1n el futsal y tenis de mesa.<\/strong><\/p>\t\t\t\t\t\t<\/div>\n\t\t\t\t<\/div>\n\t\t\t\t<\/div>\n\t\t\t\t\t<\/div>\n\t\t\t\t<\/div>\n\t\t<div class=\"elementor-element elementor-element-81ca434 e-flex e-con-boxed e-con e-child\" data-id=\"81ca434\" data-element_type=\"container\">\n\t\t\t\t\t<div class=\"e-con-inner\">\n\t\t<div class=\"elementor-element elementor-element-206eb21 e-con-full e-flex e-con e-child\" data-id=\"206eb21\" data-element_type=\"container\">\n\t\t\t\t<div class=\"elementor-element elementor-element-7ec95db elementor-widget elementor-widget-heading\" data-id=\"7ec95db\" data-element_type=\"widget\" data-widget_type=\"heading.default\">\n\t\t\t\t<div class=\"elementor-widget-container\">\n\t\t\t<h2 class=\"elementor-heading-title elementor-size-default\"><span class=\"bgazul\">Centro de Deportes de Contacto<\/span><\/h2>\t\t<\/div>\n\t\t\t\t<\/div>\n\t\t\t\t<div class=\"elementor-element elementor-element-5d5a360 elementor-widget elementor-widget-text-editor\" data-id=\"5d5a360\" data-element_type=\"widget\" data-widget_type=\"text-editor.default\">\n\t\t\t\t<div class=\"elementor-widget-container\">\n\t\t\t\t\t\t\t<p>Este nuevo recinto de 8.000 mts2 est\u00e1 acondicionado para recibir los entrenamientos, de forma simult\u00e1nea de Judo, Lucha ol\u00edmpica, Karate y Taekwondo. Cada una de estas disciplinas cuenta con sus respectivos tatamis y diferentes instalaciones.<\/p><p><strong>Este recinto ser\u00e1 sede del judo.<\/strong><\/p>\t\t\t\t\t\t<\/div>\n\t\t\t\t<\/div>\n\t\t\t\t<\/div>\n\t\t<div class=\"elementor-element elementor-element-e4daaf8 e-con-full e-flex e-con e-child\" data-id=\"e4daaf8\" data-element_type=\"container\">\n\t\t<div class=\"elementor-element elementor-element-79c96f8 e-con-full e-flex e-con e-child\" data-id=\"79c96f8\" data-element_type=\"container\" data-settings=\"{&quot;background_background&quot;:&quot;classic&quot;}\">\n\t\t\t\t<div class=\"elementor-element elementor-element-9386fa1 elementor-widget elementor-widget-image\" data-id=\"9386fa1\" data-element_type=\"widget\" data-widget_type=\"image.default\">\n\t\t\t\t<div class=\"elementor-widget-container\">\n\t\t\t\t\t\t\t\t\t\t\t\t\t\t<a href=\"#elementor-action%3Aaction%3Dlightbox%26settings%3DeyJ1cmwiOiJodHRwczpcL1wvdGplc2NvbGFyZXMudGFudS5jbFwvd3AtY29udGVudFwvdXBsb2Fkc1wvMjAyNFwvMDlcL0NlbnRyby1kZS1EZXBvcnRlcy1kZS1Db250YWN0by5qcGciLCJ0eXBlIjoiaW1hZ2UiLCJ0aXRsZSI6IkNlbnRyby1kZS1EZXBvcnRlcy1kZS1Db250YWN0byJ9\">\n\t\t\t\t\t\t\t<img fetchpriority=\"high\" decoding=\"async\" width=\"780\" height=\"380\" src=\"https:\/\/www.ind.cl\/jde\/wp-content\/uploads\/2024\/09\/blank-escenarios.png\" class=\"attachment-full size-full wp-image-248\" alt=\"\" srcset=\"https:\/\/www.ind.cl\/jde\/wp-content\/uploads\/2024\/09\/blank-escenarios.png 780w, https:\/\/www.ind.cl\/jde\/wp-content\/uploads\/2024\/09\/blank-escenarios-300x146.png 300w, https:\/\/www.ind.cl\/jde\/wp-content\/uploads\/2024\/09\/blank-escenarios-768x374.png 768w\" sizes=\"(max-width: 780px) 100vw, 780px\" \/>\t\t\t\t\t\t\t\t<\/a>\n\t\t\t\t\t\t\t\t\t\t\t\t\t<\/div>\n\t\t\t\t<\/div>\n\t\t\t\t<\/div>\n\t\t\t\t<\/div>\n\t\t\t\t\t<\/div>\n\t\t\t\t<\/div>\n\t\t<div class=\"elementor-element elementor-element-f34b576 e-flex e-con-boxed e-con e-child\" data-id=\"f34b576\" data-element_type=\"container\">\n\t\t\t\t\t<div class=\"e-con-inner\">\n\t\t<div class=\"elementor-element elementor-element-1bc8094 e-con-full e-flex e-con e-child\" data-id=\"1bc8094\" data-element_type=\"container\">\n\t\t<div class=\"elementor-element elementor-element-8803e2c e-con-full e-flex e-con e-child\" data-id=\"8803e2c\" data-element_type=\"container\" data-settings=\"{&quot;background_background&quot;:&quot;classic&quot;}\">\n\t\t\t\t<div class=\"elementor-element elementor-element-c7dee6a elementor-widget elementor-widget-image\" data-id=\"c7dee6a\" data-element_type=\"widget\" data-widget_type=\"image.default\">\n\t\t\t\t<div class=\"elementor-widget-container\">\n\t\t\t\t\t\t\t\t\t\t\t\t\t\t<a href=\"#elementor-action%3Aaction%3Dlightbox%26settings%3DeyJ1cmwiOiJodHRwczpcL1wvdGplc2NvbGFyZXMudGFudS5jbFwvd3AtY29udGVudFwvdXBsb2Fkc1wvMjAyNFwvMDlcL0NlbnRyby1BY3VhdGljby5qcGciLCJ0eXBlIjoiaW1hZ2UiLCJ0aXRsZSI6IkNlbnRyby1BY3VhdGljbyJ9\">\n\t\t\t\t\t\t\t<img fetchpriority=\"high\" decoding=\"async\" width=\"780\" height=\"380\" src=\"https:\/\/www.ind.cl\/jde\/wp-content\/uploads\/2024\/09\/blank-escenarios.png\" class=\"attachment-full size-full wp-image-248\" alt=\"\" srcset=\"https:\/\/www.ind.cl\/jde\/wp-content\/uploads\/2024\/09\/blank-escenarios.png 780w, https:\/\/www.ind.cl\/jde\/wp-content\/uploads\/2024\/09\/blank-escenarios-300x146.png 300w, https:\/\/www.ind.cl\/jde\/wp-content\/uploads\/2024\/09\/blank-escenarios-768x374.png 768w\" sizes=\"(max-width: 780px) 100vw, 780px\" \/>\t\t\t\t\t\t\t\t<\/a>\n\t\t\t\t\t\t\t\t\t\t\t\t\t<\/div>\n\t\t\t\t<\/div>\n\t\t\t\t<\/div>\n\t\t\t\t<\/div>\n\t\t<div class=\"elementor-element elementor-element-115b9eb e-con-full e-flex e-con e-child\" data-id=\"115b9eb\" data-element_type=\"container\">\n\t\t\t\t<div class=\"elementor-element elementor-element-1f8f4d9 elementor-widget elementor-widget-heading\" data-id=\"1f8f4d9\" data-element_type=\"widget\" data-widget_type=\"heading.default\">\n\t\t\t\t<div class=\"elementor-widget-container\">\n\t\t\t<h2 class=\"elementor-heading-title elementor-size-default\"><span class=\"bgazul\">Centro Acu\u00e1tico Kristel K\u00f6brich<\/span><\/h2>\t\t<\/div>\n\t\t\t\t<\/div>\n\t\t\t\t<div class=\"elementor-element elementor-element-41ed0e9 elementor-widget elementor-widget-text-editor\" data-id=\"41ed0e9\" data-element_type=\"widget\" data-widget_type=\"text-editor.default\">\n\t\t\t\t<div class=\"elementor-widget-container\">\n\t\t\t\t\t\t\t<p>El renovado recinto de 19.194 mts 2 que alberg\u00f3 los Juegos Panamericanos y Parapanamericanos de Santiago 2023 cuenta con una nueva piscina cubierta y adem\u00e1s realiz\u00f3 obras de remodelaci\u00f3n en las instalaciones ya existentes, dando paso a un renovado Centro Acu\u00e1tico que hoy cuenta con todos los requerimientos de las Federaciones Internacionales.<\/p><p><strong>Este recinto ser\u00e1 sede de la nataci\u00f3n.<\/strong><\/p>\t\t\t\t\t\t<\/div>\n\t\t\t\t<\/div>\n\t\t\t\t<\/div>\n\t\t\t\t\t<\/div>\n\t\t\t\t<\/div>\n\t\t<div class=\"elementor-element elementor-element-47940d3 e-flex e-con-boxed e-con e-child\" data-id=\"47940d3\" data-element_type=\"container\">\n\t\t\t\t\t<div class=\"e-con-inner\">\n\t\t<div class=\"elementor-element elementor-element-29cbfe5 e-con-full e-flex e-con e-child\" data-id=\"29cbfe5\" data-element_type=\"container\">\n\t\t\t\t<div class=\"elementor-element elementor-element-4026ce5 elementor-widget elementor-widget-heading\" data-id=\"4026ce5\" data-element_type=\"widget\" data-widget_type=\"heading.default\">\n\t\t\t\t<div class=\"elementor-widget-container\">\n\t\t\t<h2 class=\"elementor-heading-title elementor-size-default\"><span class=\"bgazul\">Centro de Deportes Paral\u00edmpicos<\/span><\/h2>\t\t<\/div>\n\t\t\t\t<\/div>\n\t\t\t\t<div class=\"elementor-element elementor-element-44bb105 elementor-widget elementor-widget-text-editor\" data-id=\"44bb105\" data-element_type=\"widget\" data-widget_type=\"text-editor.default\">\n\t\t\t\t<div class=\"elementor-widget-container\">\n\t\t\t\t\t\t\t<p>Este nuevo centro de 6.500 mts2 fue construido bajo est\u00e1ndares certificados de accesibilidad universal. La importancia de este espacio radica en la igualdad de uso para todas y todos los chilenos y tambi\u00e9n llevar\u00e1 el deporte paral\u00edmpico al m\u00e1s alto nivel.<\/p><p><strong>Aqu\u00ed se disputar\u00e1 el futsal y balonmano<\/strong><\/p>\t\t\t\t\t\t<\/div>\n\t\t\t\t<\/div>\n\t\t\t\t<\/div>\n\t\t<div class=\"elementor-element elementor-element-4fe0b69 e-con-full e-flex e-con e-child\" data-id=\"4fe0b69\" data-element_type=\"container\">\n\t\t<div class=\"elementor-element elementor-element-af8a574 e-con-full e-flex e-con e-child\" data-id=\"af8a574\" data-element_type=\"container\" data-settings=\"{&quot;background_background&quot;:&quot;classic&quot;}\">\n\t\t\t\t<div class=\"elementor-element elementor-element-303c75a elementor-widget elementor-widget-image\" data-id=\"303c75a\" data-element_type=\"widget\" data-widget_type=\"image.default\">\n\t\t\t\t<div class=\"elementor-widget-container\">\n\t\t\t\t\t\t\t\t\t\t\t\t\t\t<a href=\"#elementor-action%3Aaction%3Dlightbox%26settings%3DeyJ1cmwiOiJodHRwczpcL1wvdGplc2NvbGFyZXMudGFudS5jbFwvd3AtY29udGVudFwvdXBsb2Fkc1wvMjAyNFwvMDlcL0NlbnRyby1kZS1lbnRyZW5hbWllbnRvLVBhcmFsaW1waWNvLmpwZyIsInR5cGUiOiJpbWFnZSIsInRpdGxlIjoiQ2VudHJvLWRlLWVudHJlbmFtaWVudG8tUGFyYWxpbXBpY28ifQ%3D%3D\">\n\t\t\t\t\t\t\t<img fetchpriority=\"high\" decoding=\"async\" width=\"780\" height=\"380\" src=\"https:\/\/www.ind.cl\/jde\/wp-content\/uploads\/2024\/09\/blank-escenarios.png\" class=\"attachment-full size-full wp-image-248\" alt=\"\" srcset=\"https:\/\/www.ind.cl\/jde\/wp-content\/uploads\/2024\/09\/blank-escenarios.png 780w, https:\/\/www.ind.cl\/jde\/wp-content\/uploads\/2024\/09\/blank-escenarios-300x146.png 300w, https:\/\/www.ind.cl\/jde\/wp-content\/uploads\/2024\/09\/blank-escenarios-768x374.png 768w\" sizes=\"(max-width: 780px) 100vw, 780px\" \/>\t\t\t\t\t\t\t\t<\/a>\n\t\t\t\t\t\t\t\t\t\t\t\t\t<\/div>\n\t\t\t\t<\/div>\n\t\t\t\t<\/div>\n\t\t\t\t<\/div>\n\t\t\t\t\t<\/div>\n\t\t\t\t<\/div>\n\t\t<div class=\"elementor-element elementor-element-722a135 e-flex e-con-boxed e-con e-child\" data-id=\"722a135\" data-element_type=\"container\">\n\t\t\t\t\t<div class=\"e-con-inner\">\n\t\t<div class=\"elementor-element elementor-element-f2f976f e-con-full e-flex e-con e-child\" data-id=\"f2f976f\" data-element_type=\"container\">\n\t\t<div class=\"elementor-element elementor-element-b4a2f86 e-con-full e-flex e-con e-child\" data-id=\"b4a2f86\" data-element_type=\"container\" data-settings=\"{&quot;background_background&quot;:&quot;classic&quot;}\">\n\t\t\t\t<div class=\"elementor-element elementor-element-a177dbc elementor-widget elementor-widget-image\" data-id=\"a177dbc\" data-element_type=\"widget\" data-widget_type=\"image.default\">\n\t\t\t\t<div class=\"elementor-widget-container\">\n\t\t\t\t\t\t\t\t\t\t\t\t\t\t<a href=\"#elementor-action%3Aaction%3Dlightbox%26settings%3DeyJ1cmwiOiJodHRwczpcL1wvdGplc2NvbGFyZXMudGFudS5jbFwvd3AtY29udGVudFwvdXBsb2Fkc1wvMjAyNFwvMDlcL0NFTy1Gcm9udGlzLmpwZyIsInR5cGUiOiJpbWFnZSIsInRpdGxlIjoiQ0VPLUZyb250aXMifQ%3D%3D\">\n\t\t\t\t\t\t\t<img fetchpriority=\"high\" decoding=\"async\" width=\"780\" height=\"380\" src=\"https:\/\/www.ind.cl\/jde\/wp-content\/uploads\/2024\/09\/blank-escenarios.png\" class=\"attachment-full size-full wp-image-248\" alt=\"\" srcset=\"https:\/\/www.ind.cl\/jde\/wp-content\/uploads\/2024\/09\/blank-escenarios.png 780w, https:\/\/www.ind.cl\/jde\/wp-content\/uploads\/2024\/09\/blank-escenarios-300x146.png 300w, https:\/\/www.ind.cl\/jde\/wp-content\/uploads\/2024\/09\/blank-escenarios-768x374.png 768w\" sizes=\"(max-width: 780px) 100vw, 780px\" \/>\t\t\t\t\t\t\t\t<\/a>\n\t\t\t\t\t\t\t\t\t\t\t\t\t<\/div>\n\t\t\t\t<\/div>\n\t\t\t\t<\/div>\n\t\t\t\t<\/div>\n\t\t<div class=\"elementor-element elementor-element-77e860c e-con-full e-flex e-con e-child\" data-id=\"77e860c\" data-element_type=\"container\">\n\t\t\t\t<div class=\"elementor-element elementor-element-0b8e35b elementor-widget elementor-widget-heading\" data-id=\"0b8e35b\" data-element_type=\"widget\" data-widget_type=\"heading.default\">\n\t\t\t\t<div class=\"elementor-widget-container\">\n\t\t\t<h2 class=\"elementor-heading-title elementor-size-default\"><span class=\"bgazul\">Centro de Entrenamiento Ol\u00edmpico - CEO<\/span><\/h2>\t\t<\/div>\n\t\t\t\t<\/div>\n\t\t\t\t<div class=\"elementor-element elementor-element-50e0125 elementor-widget elementor-widget-text-editor\" data-id=\"50e0125\" data-element_type=\"widget\" data-widget_type=\"text-editor.default\">\n\t\t\t\t<div class=\"elementor-widget-container\">\n\t\t\t\t\t\t\t<p>Ubicado en la comuna de \u00d1u\u00f1oa, este centro polideportivo es uno de los escenarios principales de la actividad f\u00edsica. Gracias a sus instalaciones de alto nivel, espacios de esparcimiento y numerables gimnasios acondicionados para cada disciplina, el Centro de Entrenamiento Ol\u00edmpico re\u00fane a selecciones y clubes del mundo del v\u00f3leibol, b\u00e1squetbol, balonmano, entre otros, incluyendo tambi\u00e9n a los Para atletas del deporte, su capacidad es para 1.200 espectadores y oficinas administrativas para funcionamiento de 38 federaciones miembros.<\/p><p><strong>Este recinto recibir\u00e1 partidos de voleibol y basquetbol<\/strong><\/p>\t\t\t\t\t\t<\/div>\n\t\t\t\t<\/div>\n\t\t\t\t<\/div>\n\t\t\t\t\t<\/div>\n\t\t\t\t<\/div>\n\t\t<div class=\"elementor-element elementor-element-8085a8d e-flex e-con-boxed e-con e-child\" data-id=\"8085a8d\" data-element_type=\"container\">\n\t\t\t\t\t<div class=\"e-con-inner\">\n\t\t<div class=\"elementor-element elementor-element-510a60c e-con-full e-flex e-con e-child\" data-id=\"510a60c\" data-element_type=\"container\">\n\t\t\t\t<div class=\"elementor-element elementor-element-bb572cd elementor-widget elementor-widget-heading\" data-id=\"bb572cd\" data-element_type=\"widget\" data-widget_type=\"heading.default\">\n\t\t\t\t<div class=\"elementor-widget-container\">\n\t\t\t<h2 class=\"elementor-heading-title elementor-size-default\"><span class=\"bgazul\">CEVS Lo Espejo <\/span><\/h2>\t\t<\/div>\n\t\t\t\t<\/div>\n\t\t\t\t<div class=\"elementor-element elementor-element-bdc5c4a elementor-widget elementor-widget-text-editor\" data-id=\"bdc5c4a\" data-element_type=\"widget\" data-widget_type=\"text-editor.default\">\n\t\t\t\t<div class=\"elementor-widget-container\">\n\t\t\t\t\t\t\t<p>El recinto cuenta con 1.900 metros cuadrados de \u00e1reas deportivas, gimnasio, skate park, circuito de trote, baile entretenido, zumba, f\u00fatbol, sala de m\u00e1quinas, una plaza activa.<\/p><p><strong>Este recinto recibir\u00e1 partidos de balonmano y futsal.<\/strong><\/p>\t\t\t\t\t\t<\/div>\n\t\t\t\t<\/div>\n\t\t\t\t<\/div>\n\t\t<div class=\"elementor-element elementor-element-85b2250 e-con-full e-flex e-con e-child\" data-id=\"85b2250\" data-element_type=\"container\">\n\t\t<div class=\"elementor-element elementor-element-182ea64 e-con-full e-flex e-con e-child\" data-id=\"182ea64\" data-element_type=\"container\" data-settings=\"{&quot;background_background&quot;:&quot;classic&quot;}\">\n\t\t\t\t<div class=\"elementor-element elementor-element-ba9c8d8 elementor-widget elementor-widget-image\" data-id=\"ba9c8d8\" data-element_type=\"widget\" data-widget_type=\"image.default\">\n\t\t\t\t<div class=\"elementor-widget-container\">\n\t\t\t\t\t\t\t\t\t\t\t\t\t\t<a href=\"#elementor-action%3Aaction%3Dlightbox%26settings%3DeyJ1cmwiOiJodHRwczpcL1wvd3d3LmluZC5jbFwvamRlXC93cC1jb250ZW50XC91cGxvYWRzXC8yMDI0XC8xMFwvbG9lc3Blam8uanBnIiwidHlwZSI6ImltYWdlIiwidGl0bGUiOiJsb2VzcGVqbyJ9\">\n\t\t\t\t\t\t\t<img fetchpriority=\"high\" decoding=\"async\" width=\"780\" height=\"380\" src=\"https:\/\/www.ind.cl\/jde\/wp-content\/uploads\/2024\/09\/blank-escenarios.png\" class=\"attachment-full size-full wp-image-248\" alt=\"\" srcset=\"https:\/\/www.ind.cl\/jde\/wp-content\/uploads\/2024\/09\/blank-escenarios.png 780w, https:\/\/www.ind.cl\/jde\/wp-content\/uploads\/2024\/09\/blank-escenarios-300x146.png 300w, https:\/\/www.ind.cl\/jde\/wp-content\/uploads\/2024\/09\/blank-escenarios-768x374.png 768w\" sizes=\"(max-width: 780px) 100vw, 780px\" \/>\t\t\t\t\t\t\t\t<\/a>\n\t\t\t\t\t\t\t\t\t\t\t\t\t<\/div>\n\t\t\t\t<\/div>\n\t\t\t\t<\/div>\n\t\t\t\t<\/div>\n\t\t\t\t\t<\/div>\n\t\t\t\t<\/div>\n\t\t<div class=\"elementor-element elementor-element-da7de81 e-flex e-con-boxed e-con e-child\" data-id=\"da7de81\" data-element_type=\"container\">\n\t\t\t\t\t<div class=\"e-con-inner\">\n\t\t<div class=\"elementor-element elementor-element-6181c05 e-con-full e-flex e-con e-child\" data-id=\"6181c05\" data-element_type=\"container\">\n\t\t<div class=\"elementor-element elementor-element-2a1c772 e-con-full e-flex e-con e-child\" data-id=\"2a1c772\" data-element_type=\"container\" data-settings=\"{&quot;background_background&quot;:&quot;classic&quot;}\">\n\t\t\t\t<div class=\"elementor-element elementor-element-4ef3078 elementor-widget elementor-widget-image\" data-id=\"4ef3078\" data-element_type=\"widget\" data-widget_type=\"image.default\">\n\t\t\t\t<div class=\"elementor-widget-container\">\n\t\t\t\t\t\t\t\t\t\t\t\t\t\t<a href=\"#elementor-action%3Aaction%3Dlightbox%26settings%3DeyJ1cmwiOiJodHRwczpcL1wvd3d3LmluZC5jbFwvamRlXC93cC1jb250ZW50XC91cGxvYWRzXC8yMDI0XC8xMFwvc2FucmFtb24uanBnIiwidHlwZSI6ImltYWdlIiwidGl0bGUiOiJzYW5yYW1vbiJ9\">\n\t\t\t\t\t\t\t<img fetchpriority=\"high\" decoding=\"async\" width=\"780\" height=\"380\" src=\"https:\/\/www.ind.cl\/jde\/wp-content\/uploads\/2024\/09\/blank-escenarios.png\" class=\"attachment-full size-full wp-image-248\" alt=\"\" srcset=\"https:\/\/www.ind.cl\/jde\/wp-content\/uploads\/2024\/09\/blank-escenarios.png 780w, https:\/\/www.ind.cl\/jde\/wp-content\/uploads\/2024\/09\/blank-escenarios-300x146.png 300w, https:\/\/www.ind.cl\/jde\/wp-content\/uploads\/2024\/09\/blank-escenarios-768x374.png 768w\" sizes=\"(max-width: 780px) 100vw, 780px\" \/>\t\t\t\t\t\t\t\t<\/a>\n\t\t\t\t\t\t\t\t\t\t\t\t\t<\/div>\n\t\t\t\t<\/div>\n\t\t\t\t<\/div>\n\t\t\t\t<\/div>\n\t\t<div class=\"elementor-element elementor-element-081a0cf e-con-full e-flex e-con e-child\" data-id=\"081a0cf\" data-element_type=\"container\">\n\t\t\t\t<div class=\"elementor-element elementor-element-5491bc2 elementor-widget elementor-widget-heading\" data-id=\"5491bc2\" data-element_type=\"widget\" data-widget_type=\"heading.default\">\n\t\t\t\t<div class=\"elementor-widget-container\">\n\t\t\t<h2 class=\"elementor-heading-title elementor-size-default\"><span class=\"bgazul\">CEVS San Ram\u00f3n<\/span><\/h2>\t\t<\/div>\n\t\t\t\t<\/div>\n\t\t\t\t<div class=\"elementor-element elementor-element-126a869 elementor-widget elementor-widget-text-editor\" data-id=\"126a869\" data-element_type=\"widget\" data-widget_type=\"text-editor.default\">\n\t\t\t\t<div class=\"elementor-widget-container\">\n\t\t\t\t\t\t\t<p>Este recinto cuenta con una multicancha techada, sala de musculaci\u00f3n, \u00e1reas de calistenia, m\u00e1quinas de ejercicios al aire libre, muro de escalada y skate park. Cuenta con 3.200 metros cuadrados construidos.<\/p><p><strong>Este recinto recibir\u00e1 partidos de balonmano y futsal.<\/strong><\/p>\t\t\t\t\t\t<\/div>\n\t\t\t\t<\/div>\n\t\t\t\t<\/div>\n\t\t\t\t\t<\/div>\n\t\t\t\t<\/div>\n\t\t<div class=\"elementor-element elementor-element-ca7553e e-flex e-con-boxed e-con e-child\" data-id=\"ca7553e\" data-element_type=\"container\">\n\t\t\t\t\t<div class=\"e-con-inner\">\n\t\t<div class=\"elementor-element elementor-element-7f3e173 e-con-full e-flex e-con e-child\" data-id=\"7f3e173\" data-element_type=\"container\">\n\t\t\t\t<div class=\"elementor-element elementor-element-8ff6187 elementor-widget elementor-widget-heading\" data-id=\"8ff6187\" data-element_type=\"widget\" data-widget_type=\"heading.default\">\n\t\t\t\t<div class=\"elementor-widget-container\">\n\t\t\t<h2 class=\"elementor-heading-title elementor-size-default\"><span class=\"bgazul\">Isla de Maipo<\/span><\/h2>\t\t<\/div>\n\t\t\t\t<\/div>\n\t\t\t\t<div class=\"elementor-element elementor-element-bed8289 elementor-widget elementor-widget-text-editor\" data-id=\"bed8289\" data-element_type=\"widget\" data-widget_type=\"text-editor.default\">\n\t\t\t\t<div class=\"elementor-widget-container\">\n\t\t\t\t\t\t\t<p>Diversos escenarios de esta comuna <strong>ser\u00e1n utilizados para la disputa de la Final Nacional de ciclismo en ruta.<\/strong><\/p>\t\t\t\t\t\t<\/div>\n\t\t\t\t<\/div>\n\t\t\t\t<\/div>\n\t\t<div class=\"elementor-element elementor-element-6cdd20b e-con-full e-flex e-con e-child\" data-id=\"6cdd20b\" data-element_type=\"container\">\n\t\t<div class=\"elementor-element elementor-element-31a21dc e-con-full e-flex e-con e-child\" data-id=\"31a21dc\" data-element_type=\"container\" data-settings=\"{&quot;background_background&quot;:&quot;classic&quot;}\">\n\t\t\t\t<div class=\"elementor-element elementor-element-861697b elementor-widget elementor-widget-image\" data-id=\"861697b\" data-element_type=\"widget\" data-widget_type=\"image.default\">\n\t\t\t\t<div class=\"elementor-widget-container\">\n\t\t\t\t\t\t\t\t\t\t\t\t\t\t<a href=\"#elementor-action%3Aaction%3Dlightbox%26settings%3DeyJ1cmwiOiJodHRwczpcL1wvdGplc2NvbGFyZXMudGFudS5jbFwvd3AtY29udGVudFwvdXBsb2Fkc1wvMjAyNFwvMDlcL0NpY2xpc21vLUlzbGEtZGUtTWFpcG8uanBnIiwidHlwZSI6ImltYWdlIiwidGl0bGUiOiJDaWNsaXNtbyBJc2xhIGRlIE1haXBvIn0%3D\">\n\t\t\t\t\t\t\t<img fetchpriority=\"high\" decoding=\"async\" width=\"780\" height=\"380\" src=\"https:\/\/www.ind.cl\/jde\/wp-content\/uploads\/2024\/09\/blank-escenarios.png\" class=\"attachment-full size-full wp-image-248\" alt=\"\" srcset=\"https:\/\/www.ind.cl\/jde\/wp-content\/uploads\/2024\/09\/blank-escenarios.png 780w, https:\/\/www.ind.cl\/jde\/wp-content\/uploads\/2024\/09\/blank-escenarios-300x146.png 300w, https:\/\/www.ind.cl\/jde\/wp-content\/uploads\/2024\/09\/blank-escenarios-768x374.png 768w\" sizes=\"(max-width: 780px) 100vw, 780px\" \/>\t\t\t\t\t\t\t\t<\/a>\n\t\t\t\t\t\t\t\t\t\t\t\t\t<\/div>\n\t\t\t\t<\/div>\n\t\t\t\t<\/div>\n\t\t\t\t<\/div>\n\t\t\t\t\t<\/div>\n\t\t\t\t<\/div>\n\t\t<div class=\"elementor-element elementor-element-0e7cb06 e-flex e-con-boxed e-con e-child\" data-id=\"0e7cb06\" data-element_type=\"container\">\n\t\t\t\t\t<div class=\"e-con-inner\">\n\t\t<div class=\"elementor-element elementor-element-6142290 e-con-full e-flex e-con e-child\" data-id=\"6142290\" data-element_type=\"container\">\n\t\t<div class=\"elementor-element elementor-element-d364017 e-con-full e-flex e-con e-child\" data-id=\"d364017\" data-element_type=\"container\" data-settings=\"{&quot;background_background&quot;:&quot;classic&quot;}\">\n\t\t\t\t<div class=\"elementor-element elementor-element-61e8bba elementor-widget elementor-widget-image\" data-id=\"61e8bba\" data-element_type=\"widget\" data-widget_type=\"image.default\">\n\t\t\t\t<div class=\"elementor-widget-container\">\n\t\t\t\t\t\t\t\t\t\t\t\t\t\t<a href=\"#elementor-action%3Aaction%3Dlightbox%26settings%3DeyJ1cmwiOiJodHRwczpcL1wvdGplc2NvbGFyZXMudGFudS5jbFwvd3AtY29udGVudFwvdXBsb2Fkc1wvMjAyNFwvMDlcL0hvdGVsLWFqZWRyZXouanBnIiwidHlwZSI6ImltYWdlIiwidGl0bGUiOiJIb3RlbCBhamVkcmV6In0%3D\">\n\t\t\t\t\t\t\t<img fetchpriority=\"high\" decoding=\"async\" width=\"780\" height=\"380\" src=\"https:\/\/www.ind.cl\/jde\/wp-content\/uploads\/2024\/09\/blank-escenarios.png\" class=\"attachment-full size-full wp-image-248\" alt=\"\" srcset=\"https:\/\/www.ind.cl\/jde\/wp-content\/uploads\/2024\/09\/blank-escenarios.png 780w, https:\/\/www.ind.cl\/jde\/wp-content\/uploads\/2024\/09\/blank-escenarios-300x146.png 300w, https:\/\/www.ind.cl\/jde\/wp-content\/uploads\/2024\/09\/blank-escenarios-768x374.png 768w\" sizes=\"(max-width: 780px) 100vw, 780px\" \/>\t\t\t\t\t\t\t\t<\/a>\n\t\t\t\t\t\t\t\t\t\t\t\t\t<\/div>\n\t\t\t\t<\/div>\n\t\t\t\t<\/div>\n\t\t\t\t<\/div>\n\t\t<div class=\"elementor-element elementor-element-58c531d e-con-full e-flex e-con e-child\" data-id=\"58c531d\" data-element_type=\"container\">\n\t\t\t\t<div class=\"elementor-element elementor-element-70ce149 elementor-widget elementor-widget-heading\" data-id=\"70ce149\" data-element_type=\"widget\" data-widget_type=\"heading.default\">\n\t\t\t\t<div class=\"elementor-widget-container\">\n\t\t\t<h2 class=\"elementor-heading-title elementor-size-default\"><span class=\"bgazul\">Hotel Le M\u00e9ridien Santiago<\/span><\/h2>\t\t<\/div>\n\t\t\t\t<\/div>\n\t\t\t\t<div class=\"elementor-element elementor-element-0b78344 elementor-widget elementor-widget-text-editor\" data-id=\"0b78344\" data-element_type=\"widget\" data-widget_type=\"text-editor.default\">\n\t\t\t\t<div class=\"elementor-widget-container\">\n\t\t\t\t\t\t\t<p>Hotel ubicado en Av. Libertador Bernardo O'Higgins 136, <strong>este lugar ser\u00e1 la sede del Ajedrez.<\/strong><\/p>\t\t\t\t\t\t<\/div>\n\t\t\t\t<\/div>\n\t\t\t\t<\/div>\n\t\t\t\t\t<\/div>\n\t\t\t\t<\/div>\n\t\t\t\t<\/div>\n\t\t\t\t<\/div>\n\t\t","protected":false},"excerpt":{"rendered":"<p>Escenarios Escenarios Valpara\u00edso, sede Final Nacional B\u00e1squetbol Juvenil Fort\u00edn Prat de Valpara\u00edso El Fort\u00edn Prat de Valpara\u00edso es el principal gimnasio de baloncesto de la ciudad y posee una larga historia de eventos deportivos de toda \u00edndole. Fue inaugurado en 1994 con una orientaci\u00f3n norte-sur en la manzana que comprende las calles Rawson y Uruguay, [&hellip;]<\/p>\n","protected":false},"author":1,"featured_media":0,"parent":0,"menu_order":0,"comment_status":"closed","ping_status":"closed","template":"","meta":{"_acf_changed":false,"inline_featured_image":false,"footnotes":""},"class_list":["post-240","page","type-page","status-publish","hentry"],"acf":[],"_links":{"self":[{"href":"https:\/\/www.ind.cl\/jde\/wp-json\/wp\/v2\/pages\/240","targetHints":{"allow":["GET"]}}],"collection":[{"href":"https:\/\/www.ind.cl\/jde\/wp-json\/wp\/v2\/pages"}],"about":[{"href":"https:\/\/www.ind.cl\/jde\/wp-json\/wp\/v2\/types\/page"}],"author":[{"embeddable":true,"href":"https:\/\/www.ind.cl\/jde\/wp-json\/wp\/v2\/users\/1"}],"replies":[{"embeddable":true,"href":"https:\/\/www.ind.cl\/jde\/wp-json\/wp\/v2\/comments?post=240"}],"version-history":[{"count":91,"href":"https:\/\/www.ind.cl\/jde\/wp-json\/wp\/v2\/pages\/240\/revisions"}],"predecessor-version":[{"id":705,"href":"https:\/\/www.ind.cl\/jde\/wp-json\/wp\/v2\/pages\/240\/revisions\/705"}],"wp:attachment":[{"href":"https:\/\/www.ind.cl\/jde\/wp-json\/wp\/v2\/media?parent=240"}],"curies":[{"name":"wp","href":"https:\/\/api.w.org\/{rel}","templated":true}]}}