{"id":1310,"date":"2025-10-07T10:28:52","date_gmt":"2025-10-07T13:28:52","guid":{"rendered":"https:\/\/www.ind.cl\/jde_2025\/?page_id=1310"},"modified":"2025-10-24T17:08:22","modified_gmt":"2025-10-24T20:08:22","slug":"escenarios-juvenil","status":"publish","type":"page","link":"https:\/\/www.ind.cl\/jde_2025\/escenarios-juvenil\/","title":{"rendered":"Escenarios Juvenil"},"content":{"rendered":"\t\t<div data-elementor-type=\"wp-page\" data-elementor-id=\"1310\" class=\"elementor elementor-1310\" data-elementor-post-type=\"page\">\n\t\t\t\t<div class=\"elementor-element elementor-element-8181e7f e-con-full e-flex e-con e-parent\" data-id=\"8181e7f\" data-element_type=\"container\" data-settings=\"{&quot;background_background&quot;:&quot;classic&quot;}\">\n\t\t<div class=\"elementor-element elementor-element-cdc0872 e-flex e-con-boxed e-con e-child\" data-id=\"cdc0872\" data-element_type=\"container\">\n\t\t\t\t\t<div class=\"e-con-inner\">\n\t\t\t\t<div class=\"elementor-element elementor-element-8556310 elementor-widget elementor-widget-heading\" data-id=\"8556310\" data-element_type=\"widget\" data-widget_type=\"heading.default\">\n\t\t\t\t<div class=\"elementor-widget-container\">\n\t\t\t\t\t<h1 class=\"elementor-heading-title elementor-size-default\">Escenarios<\/h1>\t\t\t\t<\/div>\n\t\t\t\t<\/div>\n\t\t\t\t\t<\/div>\n\t\t\t\t<\/div>\n\t\t<div class=\"elementor-element elementor-element-5944408 e-con-full e-flex e-con e-child\" data-id=\"5944408\" data-element_type=\"container\">\n\t\t\t\t<div class=\"elementor-element elementor-element-52bb2c2 elementor-widget elementor-widget-heading\" data-id=\"52bb2c2\" data-element_type=\"widget\" data-widget_type=\"heading.default\">\n\t\t\t\t<div class=\"elementor-widget-container\">\n\t\t\t\t\t<h2 class=\"elementor-heading-title elementor-size-default\"><span class=\"bgazul\">Escenarios Regi\u00f3n de Coquimbo, sede Final Nacional Juvenil<\/span><\/h2>\t\t\t\t<\/div>\n\t\t\t\t<\/div>\n\t\t\t\t<\/div>\n\t\t<div class=\"elementor-element elementor-element-6df87ac e-flex e-con-boxed e-con e-child\" data-id=\"6df87ac\" data-element_type=\"container\">\n\t\t\t\t\t<div class=\"e-con-inner\">\n\t\t<div class=\"elementor-element elementor-element-6b6dcab e-con-full e-flex e-con e-child\" data-id=\"6b6dcab\" data-element_type=\"container\">\n\t\t\t\t<div class=\"elementor-element elementor-element-d64fbba elementor-widget elementor-widget-heading\" data-id=\"d64fbba\" data-element_type=\"widget\" data-widget_type=\"heading.default\">\n\t\t\t\t<div class=\"elementor-widget-container\">\n\t\t\t\t\t<h2 class=\"elementor-heading-title elementor-size-default\"><span class=\"bgazul\">Gimnasio Scuola Italiana<\/span><\/h2>\t\t\t\t<\/div>\n\t\t\t\t<\/div>\n\t\t\t\t<div class=\"elementor-element elementor-element-ab312c2 elementor-widget elementor-widget-text-editor\" data-id=\"ab312c2\" data-element_type=\"widget\" data-widget_type=\"text-editor.default\">\n\t\t\t\t<div class=\"elementor-widget-container\">\n\t\t\t\t\t\t\t\t\t<p><span style=\"font-weight: 400;\">El Gimnasio y la cancha del Stadio Italiano forman parte de la Scuola Italiana \u201cAlcide De Gasperi\u201d. Son recintos modernos y vers\u00e1tiles que se utilizan tanto para actividades escolares como para torneos locales y nacionales. Su infraestructura en un solo nivel ofrece comodidad y seguridad a estudiantes y deportistas, consolid\u00e1ndose como un punto de encuentro para la comunidad.<\/span><\/p><p><strong>Aqu\u00ed se disputar\u00e1 el b\u00e1squetbol.<\/strong><\/p><p><span style=\"font-weight: 400;\">\ud83d\udccd<\/span><span style=\"font-weight: 400;\"> Av. El Santo N\u00b0 3705, La Serena.<\/span><\/p>\t\t\t\t\t\t\t\t<\/div>\n\t\t\t\t<\/div>\n\t\t\t\t<\/div>\n\t\t<div class=\"elementor-element elementor-element-b907818 e-con-full e-flex e-con e-child\" data-id=\"b907818\" data-element_type=\"container\">\n\t\t<div class=\"elementor-element elementor-element-f8305bd e-con-full e-flex e-con e-child\" data-id=\"f8305bd\" data-element_type=\"container\" data-settings=\"{&quot;background_background&quot;:&quot;classic&quot;}\">\n\t\t\t\t<div class=\"elementor-element elementor-element-4bb1981 elementor-widget elementor-widget-image\" data-id=\"4bb1981\" data-element_type=\"widget\" data-widget_type=\"image.default\">\n\t\t\t\t<div class=\"elementor-widget-container\">\n\t\t\t\t\t\t\t\t\t\t\t\t\t\t\t\t<a href=\"#elementor-action%3Aaction%3Dlightbox%26settings%3DeyJ1cmwiOiJodHRwczpcL1wvd3d3LmluZC5jbFwvamRlXzIwMjVcL3dwLWNvbnRlbnRcL3VwbG9hZHNcLzIwMjVcLzEwXC9TY3VvbGEtSXRhbGlhbmExLTEtc2NhbGVkLmpwZyIsInR5cGUiOiJpbWFnZSIsInRpdGxlIjoiU2N1b2xhIEl0YWxpYW5hMSAoMSkifQ%3D%3D\">\n\t\t\t\t\t\t\t<img fetchpriority=\"high\" decoding=\"async\" width=\"780\" height=\"380\" src=\"https:\/\/www.ind.cl\/jde_2025\/wp-content\/uploads\/2024\/09\/blank-escenarios.png\" class=\"attachment-full size-full wp-image-248\" alt=\"\" srcset=\"https:\/\/www.ind.cl\/jde_2025\/wp-content\/uploads\/2024\/09\/blank-escenarios.png 780w, https:\/\/www.ind.cl\/jde_2025\/wp-content\/uploads\/2024\/09\/blank-escenarios-300x146.png 300w, https:\/\/www.ind.cl\/jde_2025\/wp-content\/uploads\/2024\/09\/blank-escenarios-768x374.png 768w\" sizes=\"(max-width: 780px) 100vw, 780px\" \/>\t\t\t\t\t\t\t\t<\/a>\n\t\t\t\t\t\t\t\t\t\t\t\t\t\t\t<\/div>\n\t\t\t\t<\/div>\n\t\t\t\t<\/div>\n\t\t\t\t<\/div>\n\t\t\t\t\t<\/div>\n\t\t\t\t<\/div>\n\t\t<div class=\"elementor-element elementor-element-d842b7b e-flex e-con-boxed e-con e-child\" data-id=\"d842b7b\" data-element_type=\"container\">\n\t\t\t\t\t<div class=\"e-con-inner\">\n\t\t<div class=\"elementor-element elementor-element-640b0fe e-con-full e-flex e-con e-child\" data-id=\"640b0fe\" data-element_type=\"container\">\n\t\t<div class=\"elementor-element elementor-element-19ccdde e-con-full e-flex e-con e-child\" data-id=\"19ccdde\" data-element_type=\"container\" data-settings=\"{&quot;background_background&quot;:&quot;classic&quot;}\">\n\t\t\t\t<div class=\"elementor-element elementor-element-102778d elementor-widget elementor-widget-image\" data-id=\"102778d\" data-element_type=\"widget\" data-widget_type=\"image.default\">\n\t\t\t\t<div class=\"elementor-widget-container\">\n\t\t\t\t\t\t\t\t\t\t\t\t\t\t\t\t<a href=\"#elementor-action%3Aaction%3Dlightbox%26settings%3DeyJ1cmwiOiJodHRwczpcL1wvd3d3LmluZC5jbFwvamRlXzIwMjVcL3dwLWNvbnRlbnRcL3VwbG9hZHNcLzIwMjVcLzEwXC9HaW1uYXNpby1Kb3NlLUlnbGVzaWFzMS5qcGVnIiwidHlwZSI6ImltYWdlIiwidGl0bGUiOiJHaW1uYXNpbyBKb3NcdTAwZTkgSWdsZXNpYXMxIn0%3D\">\n\t\t\t\t\t\t\t<img fetchpriority=\"high\" decoding=\"async\" width=\"780\" height=\"380\" src=\"https:\/\/www.ind.cl\/jde_2025\/wp-content\/uploads\/2024\/09\/blank-escenarios.png\" class=\"attachment-full size-full wp-image-248\" alt=\"\" srcset=\"https:\/\/www.ind.cl\/jde_2025\/wp-content\/uploads\/2024\/09\/blank-escenarios.png 780w, https:\/\/www.ind.cl\/jde_2025\/wp-content\/uploads\/2024\/09\/blank-escenarios-300x146.png 300w, https:\/\/www.ind.cl\/jde_2025\/wp-content\/uploads\/2024\/09\/blank-escenarios-768x374.png 768w\" sizes=\"(max-width: 780px) 100vw, 780px\" \/>\t\t\t\t\t\t\t\t<\/a>\n\t\t\t\t\t\t\t\t\t\t\t\t\t\t\t<\/div>\n\t\t\t\t<\/div>\n\t\t\t\t<\/div>\n\t\t\t\t<\/div>\n\t\t<div class=\"elementor-element elementor-element-293307d e-con-full e-flex e-con e-child\" data-id=\"293307d\" data-element_type=\"container\">\n\t\t\t\t<div class=\"elementor-element elementor-element-182f55d elementor-widget elementor-widget-heading\" data-id=\"182f55d\" data-element_type=\"widget\" data-widget_type=\"heading.default\">\n\t\t\t\t<div class=\"elementor-widget-container\">\n\t\t\t\t\t<h2 class=\"elementor-heading-title elementor-size-default\"><span class=\"bgazul\">Gimnasio Jos\u00e9 Iglesias Aguirre (Ex Bombonera)<\/span><\/h2>\t\t\t\t<\/div>\n\t\t\t\t<\/div>\n\t\t\t\t<div class=\"elementor-element elementor-element-883d3b7 elementor-widget elementor-widget-text-editor\" data-id=\"883d3b7\" data-element_type=\"widget\" data-widget_type=\"text-editor.default\">\n\t\t\t\t<div class=\"elementor-widget-container\">\n\t\t\t\t\t\t\t\t\t<p><span style=\"font-weight: 400;\">De propiedad de la Asociaci\u00f3n Deportiva de B\u00e1squetbol de La Serena (fundada en 1931), este gimnasio es un referente hist\u00f3rico del deporte regional. Tiene capacidad para 1.300 espectadores, piso de madera de ulmo y equipamiento electr\u00f3nico de competencia. Ha recibido campeonatos nacionales e internacionales, as\u00ed como encuentros de los Juegos de la Juventud Trasandina (JUDEJUT).<\/span><\/p><p><strong>Aqu\u00ed se disputar\u00e1 el b\u00e1squetbol.<\/strong><\/p><p><span style=\"font-weight: 400;\">\ud83d\udccd<\/span><span style=\"font-weight: 400;\"> Benavente N\u00b0 941, La Serena.<\/span><\/p>\t\t\t\t\t\t\t\t<\/div>\n\t\t\t\t<\/div>\n\t\t\t\t<\/div>\n\t\t\t\t\t<\/div>\n\t\t\t\t<\/div>\n\t\t<div class=\"elementor-element elementor-element-0673a37 e-flex e-con-boxed e-con e-child\" data-id=\"0673a37\" data-element_type=\"container\">\n\t\t\t\t\t<div class=\"e-con-inner\">\n\t\t<div class=\"elementor-element elementor-element-241e978 e-con-full e-flex e-con e-child\" data-id=\"241e978\" data-element_type=\"container\">\n\t\t\t\t<div class=\"elementor-element elementor-element-21f2280 elementor-widget elementor-widget-heading\" data-id=\"21f2280\" data-element_type=\"widget\" data-widget_type=\"heading.default\">\n\t\t\t\t<div class=\"elementor-widget-container\">\n\t\t\t\t\t<h2 class=\"elementor-heading-title elementor-size-default\"><span class=\"bgazul\">Gimnasio Universidad Central<\/span><\/h2>\t\t\t\t<\/div>\n\t\t\t\t<\/div>\n\t\t\t\t<div class=\"elementor-element elementor-element-f5760be elementor-widget elementor-widget-text-editor\" data-id=\"f5760be\" data-element_type=\"widget\" data-widget_type=\"text-editor.default\">\n\t\t\t\t<div class=\"elementor-widget-container\">\n\t\t\t\t\t\t\t\t\t<p><span style=\"font-weight: 400;\">Este polideportivo universitario, inaugurado en 2017, cuenta con m\u00e1s de 1.100 m\u00b2 techados. Es utilizado diariamente por estudiantes para clases, talleres deportivos y selecciones institucionales, especialmente en Pedagog\u00eda en Educaci\u00f3n F\u00edsica. Su moderna infraestructura lo convierte en un centro clave para la vida universitaria y la formaci\u00f3n deportiva.<\/span><\/p><p><strong>Aqu\u00ed se disputar\u00e1 el v\u00f3leibol.<\/strong><\/p><p><span style=\"font-weight: 400;\">\ud83d\udccd<\/span><span style=\"font-weight: 400;\"> Av. Francisco de Aguirre N\u00b0 405, La Serena.<\/span><\/p>\t\t\t\t\t\t\t\t<\/div>\n\t\t\t\t<\/div>\n\t\t\t\t<\/div>\n\t\t<div class=\"elementor-element elementor-element-23b855e e-con-full e-flex e-con e-child\" data-id=\"23b855e\" data-element_type=\"container\">\n\t\t<div class=\"elementor-element elementor-element-5df68d1 e-con-full e-flex e-con e-child\" data-id=\"5df68d1\" data-element_type=\"container\" data-settings=\"{&quot;background_background&quot;:&quot;classic&quot;}\">\n\t\t\t\t<div class=\"elementor-element elementor-element-4b2ae06 elementor-widget elementor-widget-image\" data-id=\"4b2ae06\" data-element_type=\"widget\" data-widget_type=\"image.default\">\n\t\t\t\t<div class=\"elementor-widget-container\">\n\t\t\t\t\t\t\t\t\t\t\t\t\t\t\t\t<a href=\"#elementor-action%3Aaction%3Dlightbox%26settings%3DeyJ1cmwiOiJodHRwczpcL1wvd3d3LmluZC5jbFwvamRlXzIwMjVcL3dwLWNvbnRlbnRcL3VwbG9hZHNcLzIwMjVcLzEwXC9HaW1uYXNpby1Vbml2ZXJzaWRhZC1DZW50cmFsMS1zY2FsZWQuanBnIiwidHlwZSI6ImltYWdlIiwidGl0bGUiOiJHaW1uYXNpbyBVbml2ZXJzaWRhZCBDZW50cmFsMSJ9\">\n\t\t\t\t\t\t\t<img fetchpriority=\"high\" decoding=\"async\" width=\"780\" height=\"380\" src=\"https:\/\/www.ind.cl\/jde_2025\/wp-content\/uploads\/2024\/09\/blank-escenarios.png\" class=\"attachment-full size-full wp-image-248\" alt=\"\" srcset=\"https:\/\/www.ind.cl\/jde_2025\/wp-content\/uploads\/2024\/09\/blank-escenarios.png 780w, https:\/\/www.ind.cl\/jde_2025\/wp-content\/uploads\/2024\/09\/blank-escenarios-300x146.png 300w, https:\/\/www.ind.cl\/jde_2025\/wp-content\/uploads\/2024\/09\/blank-escenarios-768x374.png 768w\" sizes=\"(max-width: 780px) 100vw, 780px\" \/>\t\t\t\t\t\t\t\t<\/a>\n\t\t\t\t\t\t\t\t\t\t\t\t\t\t\t<\/div>\n\t\t\t\t<\/div>\n\t\t\t\t<\/div>\n\t\t\t\t<\/div>\n\t\t\t\t\t<\/div>\n\t\t\t\t<\/div>\n\t\t<div class=\"elementor-element elementor-element-7206533 e-flex e-con-boxed e-con e-child\" data-id=\"7206533\" data-element_type=\"container\">\n\t\t\t\t\t<div class=\"e-con-inner\">\n\t\t<div class=\"elementor-element elementor-element-43c29d0 e-con-full e-flex e-con e-child\" data-id=\"43c29d0\" data-element_type=\"container\">\n\t\t<div class=\"elementor-element elementor-element-64903ca e-con-full e-flex e-con e-child\" data-id=\"64903ca\" data-element_type=\"container\" data-settings=\"{&quot;background_background&quot;:&quot;classic&quot;}\">\n\t\t\t\t<div class=\"elementor-element elementor-element-eaffeb9 elementor-widget elementor-widget-image\" data-id=\"eaffeb9\" data-element_type=\"widget\" data-widget_type=\"image.default\">\n\t\t\t\t<div class=\"elementor-widget-container\">\n\t\t\t\t\t\t\t\t\t\t\t\t\t\t\t\t<a href=\"#elementor-action%3Aaction%3Dlightbox%26settings%3DeyJ1cmwiOiJodHRwczpcL1wvd3d3LmluZC5jbFwvamRlXzIwMjVcL3dwLWNvbnRlbnRcL3VwbG9hZHNcLzIwMjVcLzEwXC8xNzI0MDc3NDIzMzc5X2NvcHlfMTcyNDA3ODA2NF8ucG5nIiwidHlwZSI6ImltYWdlIiwidGl0bGUiOiIxNzI0MDc3NDIzMzc5X2NvcHlfMTcyNDA3ODA2NF8ifQ%3D%3D\">\n\t\t\t\t\t\t\t<img fetchpriority=\"high\" decoding=\"async\" width=\"780\" height=\"380\" src=\"https:\/\/www.ind.cl\/jde_2025\/wp-content\/uploads\/2024\/09\/blank-escenarios.png\" class=\"attachment-full size-full wp-image-248\" alt=\"\" srcset=\"https:\/\/www.ind.cl\/jde_2025\/wp-content\/uploads\/2024\/09\/blank-escenarios.png 780w, https:\/\/www.ind.cl\/jde_2025\/wp-content\/uploads\/2024\/09\/blank-escenarios-300x146.png 300w, https:\/\/www.ind.cl\/jde_2025\/wp-content\/uploads\/2024\/09\/blank-escenarios-768x374.png 768w\" sizes=\"(max-width: 780px) 100vw, 780px\" \/>\t\t\t\t\t\t\t\t<\/a>\n\t\t\t\t\t\t\t\t\t\t\t\t\t\t\t<\/div>\n\t\t\t\t<\/div>\n\t\t\t\t<\/div>\n\t\t\t\t<\/div>\n\t\t<div class=\"elementor-element elementor-element-4b31918 e-con-full e-flex e-con e-child\" data-id=\"4b31918\" data-element_type=\"container\">\n\t\t\t\t<div class=\"elementor-element elementor-element-549bf9e elementor-widget elementor-widget-heading\" data-id=\"549bf9e\" data-element_type=\"widget\" data-widget_type=\"heading.default\">\n\t\t\t\t<div class=\"elementor-widget-container\">\n\t\t\t\t\t<h2 class=\"elementor-heading-title elementor-size-default\"><span class=\"bgazul\">Colegio Crist\u00f3bal Col\u00f3n<\/span><\/h2>\t\t\t\t<\/div>\n\t\t\t\t<\/div>\n\t\t\t\t<div class=\"elementor-element elementor-element-0d06a22 elementor-widget elementor-widget-text-editor\" data-id=\"0d06a22\" data-element_type=\"widget\" data-widget_type=\"text-editor.default\">\n\t\t\t\t<div class=\"elementor-widget-container\">\n\t\t\t\t\t\t\t\t\t<p>Comunidad Educativa comprometida en entregar una formaci\u00f3n acad\u00e9mica y val\u00f3rica en un ambiente de sana Convivencia Escolar.<\/p><p><strong>Aqu\u00ed se disputar\u00e1 el v\u00f3leibol.<\/strong><\/p><p><span style=\"font-weight: 400;\">\ud83d\udccd<\/span><span style=\"font-weight: 400;\"> Los Clarines 2201, Coquimbo.<\/span><\/p>\t\t\t\t\t\t\t\t<\/div>\n\t\t\t\t<\/div>\n\t\t\t\t<\/div>\n\t\t\t\t\t<\/div>\n\t\t\t\t<\/div>\n\t\t<div class=\"elementor-element elementor-element-81ca434 e-flex e-con-boxed e-con e-child\" data-id=\"81ca434\" data-element_type=\"container\">\n\t\t\t\t\t<div class=\"e-con-inner\">\n\t\t<div class=\"elementor-element elementor-element-206eb21 e-con-full e-flex e-con e-child\" data-id=\"206eb21\" data-element_type=\"container\">\n\t\t\t\t<div class=\"elementor-element elementor-element-7ec95db elementor-widget elementor-widget-heading\" data-id=\"7ec95db\" data-element_type=\"widget\" data-widget_type=\"heading.default\">\n\t\t\t\t<div class=\"elementor-widget-container\">\n\t\t\t\t\t<h2 class=\"elementor-heading-title elementor-size-default\"><span class=\"bgazul\">Coliseo Monumental de La Serena<\/span><\/h2>\t\t\t\t<\/div>\n\t\t\t\t<\/div>\n\t\t\t\t<div class=\"elementor-element elementor-element-5d5a360 elementor-widget elementor-widget-text-editor\" data-id=\"5d5a360\" data-element_type=\"widget\" data-widget_type=\"text-editor.default\">\n\t\t\t\t<div class=\"elementor-widget-container\">\n\t\t\t\t\t\t\t\t\t<p><span style=\"font-weight: 400;\">Inaugurado en 1989, este coliseo municipal es uno de los recintos deportivos m\u00e1s importantes de la Regi\u00f3n de Coquimbo. Con 5.000 m\u00b2 de superficie y capacidad para 5.000 espectadores, cuenta con multicancha flotante, casetas de radio y televisi\u00f3n, y modernos camarines. Su versatilidad permite albergar b\u00e1squetbol, v\u00f3leibol, futsal, b\u00e1dminton y grandes eventos comunitarios.<\/span><\/p><p><strong>Aqu\u00ed se disputar\u00e1 el b\u00e1squetbol.<\/strong><\/p><p><span style=\"font-weight: 400;\">\ud83d\udccd<\/span><span style=\"font-weight: 400;\"> Av. Estadio s\/n, La Serena.<\/span><\/p>\t\t\t\t\t\t\t\t<\/div>\n\t\t\t\t<\/div>\n\t\t\t\t<\/div>\n\t\t<div class=\"elementor-element elementor-element-e4daaf8 e-con-full e-flex e-con e-child\" data-id=\"e4daaf8\" data-element_type=\"container\">\n\t\t<div class=\"elementor-element elementor-element-79c96f8 e-con-full e-flex e-con e-child\" data-id=\"79c96f8\" data-element_type=\"container\" data-settings=\"{&quot;background_background&quot;:&quot;classic&quot;}\">\n\t\t\t\t<div class=\"elementor-element elementor-element-9386fa1 elementor-widget elementor-widget-image\" data-id=\"9386fa1\" data-element_type=\"widget\" data-widget_type=\"image.default\">\n\t\t\t\t<div class=\"elementor-widget-container\">\n\t\t\t\t\t\t\t\t\t\t\t\t\t\t\t\t<a href=\"#elementor-action%3Aaction%3Dlightbox%26settings%3DeyJ1cmwiOiJodHRwczpcL1wvd3d3LmluZC5jbFwvamRlXzIwMjVcL3dwLWNvbnRlbnRcL3VwbG9hZHNcLzIwMjVcLzEwXC9Db2xpc2VvLU1vbnVtZW50YWwtTGEtU2VyZW5hLTEtc2NhbGVkLmpwZyIsInR5cGUiOiJpbWFnZSIsInRpdGxlIjoiQ29saXNlbyBNb251bWVudGFsIExhIFNlcmVuYSAxIn0%3D\">\n\t\t\t\t\t\t\t<img fetchpriority=\"high\" decoding=\"async\" width=\"780\" height=\"380\" src=\"https:\/\/www.ind.cl\/jde_2025\/wp-content\/uploads\/2024\/09\/blank-escenarios.png\" class=\"attachment-full size-full wp-image-248\" alt=\"\" srcset=\"https:\/\/www.ind.cl\/jde_2025\/wp-content\/uploads\/2024\/09\/blank-escenarios.png 780w, https:\/\/www.ind.cl\/jde_2025\/wp-content\/uploads\/2024\/09\/blank-escenarios-300x146.png 300w, https:\/\/www.ind.cl\/jde_2025\/wp-content\/uploads\/2024\/09\/blank-escenarios-768x374.png 768w\" sizes=\"(max-width: 780px) 100vw, 780px\" \/>\t\t\t\t\t\t\t\t<\/a>\n\t\t\t\t\t\t\t\t\t\t\t\t\t\t\t<\/div>\n\t\t\t\t<\/div>\n\t\t\t\t<\/div>\n\t\t\t\t<\/div>\n\t\t\t\t\t<\/div>\n\t\t\t\t<\/div>\n\t\t<div class=\"elementor-element elementor-element-f34b576 e-flex e-con-boxed e-con e-child\" data-id=\"f34b576\" data-element_type=\"container\">\n\t\t\t\t\t<div class=\"e-con-inner\">\n\t\t<div class=\"elementor-element elementor-element-1bc8094 e-con-full e-flex e-con e-child\" data-id=\"1bc8094\" data-element_type=\"container\">\n\t\t<div class=\"elementor-element elementor-element-8803e2c e-con-full e-flex e-con e-child\" data-id=\"8803e2c\" data-element_type=\"container\" data-settings=\"{&quot;background_background&quot;:&quot;classic&quot;}\">\n\t\t\t\t<div class=\"elementor-element elementor-element-c7dee6a elementor-widget elementor-widget-image\" data-id=\"c7dee6a\" data-element_type=\"widget\" data-widget_type=\"image.default\">\n\t\t\t\t<div class=\"elementor-widget-container\">\n\t\t\t\t\t\t\t\t\t\t\t\t\t\t\t\t<a href=\"#elementor-action%3Aaction%3Dlightbox%26settings%3DeyJ1cmwiOiJodHRwczpcL1wvd3d3LmluZC5jbFwvamRlXzIwMjVcL3dwLWNvbnRlbnRcL3VwbG9hZHNcLzIwMjVcLzEwXC9HaW1uYXNpby1kZS1UaWVycmFzLUJsYW5jYXMtc2NhbGVkLmpwZyIsInR5cGUiOiJpbWFnZSIsInRpdGxlIjoiR2ltbmFzaW8gZGUgVGllcnJhcyBCbGFuY2FzIn0%3D\">\n\t\t\t\t\t\t\t<img fetchpriority=\"high\" decoding=\"async\" width=\"780\" height=\"380\" src=\"https:\/\/www.ind.cl\/jde_2025\/wp-content\/uploads\/2024\/09\/blank-escenarios.png\" class=\"attachment-full size-full wp-image-248\" alt=\"\" srcset=\"https:\/\/www.ind.cl\/jde_2025\/wp-content\/uploads\/2024\/09\/blank-escenarios.png 780w, https:\/\/www.ind.cl\/jde_2025\/wp-content\/uploads\/2024\/09\/blank-escenarios-300x146.png 300w, https:\/\/www.ind.cl\/jde_2025\/wp-content\/uploads\/2024\/09\/blank-escenarios-768x374.png 768w\" sizes=\"(max-width: 780px) 100vw, 780px\" \/>\t\t\t\t\t\t\t\t<\/a>\n\t\t\t\t\t\t\t\t\t\t\t\t\t\t\t<\/div>\n\t\t\t\t<\/div>\n\t\t\t\t<\/div>\n\t\t\t\t<\/div>\n\t\t<div class=\"elementor-element elementor-element-115b9eb e-con-full e-flex e-con e-child\" data-id=\"115b9eb\" data-element_type=\"container\">\n\t\t\t\t<div class=\"elementor-element elementor-element-1f8f4d9 elementor-widget elementor-widget-heading\" data-id=\"1f8f4d9\" data-element_type=\"widget\" data-widget_type=\"heading.default\">\n\t\t\t\t<div class=\"elementor-widget-container\">\n\t\t\t\t\t<h2 class=\"elementor-heading-title elementor-size-default\"><span class=\"bgazul\">Gimnasio Municipal de Tierras Blancas<\/span><\/h2>\t\t\t\t<\/div>\n\t\t\t\t<\/div>\n\t\t\t\t<div class=\"elementor-element elementor-element-41ed0e9 elementor-widget elementor-widget-text-editor\" data-id=\"41ed0e9\" data-element_type=\"widget\" data-widget_type=\"text-editor.default\">\n\t\t\t\t<div class=\"elementor-widget-container\">\n\t\t\t\t\t\t\t\t\t<p><span style=\"font-weight: 400;\">Recinto renovado con est\u00e1ndares internacionales y capacidad cercana a las 1.000 personas. Dispone de una superficie de m\u00e1s de 1.025 m\u00b2, nueva iluminaci\u00f3n, piso mejorado y marcadores electr\u00f3nicos. Gracias a su equipamiento multideportivo, acoge b\u00e1squetbol, v\u00f3leibol, handball y actividades comunitarias, siendo un espacio moderno y funcional para los habitantes de Tierras Blancas.<\/span><\/p><p><strong>Aqu\u00ed se disputar\u00e1 el v\u00f3leibol.<\/strong><\/p><p><span style=\"font-weight: 400;\">\ud83d\udccd<\/span><span style=\"font-weight: 400;\"> Calle Talca 1145, Coquimbo<\/span><\/p>\t\t\t\t\t\t\t\t<\/div>\n\t\t\t\t<\/div>\n\t\t\t\t<\/div>\n\t\t\t\t\t<\/div>\n\t\t\t\t<\/div>\n\t\t<div class=\"elementor-element elementor-element-47940d3 e-flex e-con-boxed e-con e-child\" data-id=\"47940d3\" data-element_type=\"container\">\n\t\t\t\t\t<div class=\"e-con-inner\">\n\t\t<div class=\"elementor-element elementor-element-29cbfe5 e-con-full e-flex e-con e-child\" data-id=\"29cbfe5\" data-element_type=\"container\">\n\t\t\t\t<div class=\"elementor-element elementor-element-4026ce5 elementor-widget elementor-widget-heading\" data-id=\"4026ce5\" data-element_type=\"widget\" data-widget_type=\"heading.default\">\n\t\t\t\t<div class=\"elementor-widget-container\">\n\t\t\t\t\t<h2 class=\"elementor-heading-title elementor-size-default\"><span class=\"bgazul\">Gimnasio Techado Perfecto Arturo L\u00f3pez<\/span><\/h2>\t\t\t\t<\/div>\n\t\t\t\t<\/div>\n\t\t\t\t<div class=\"elementor-element elementor-element-44bb105 elementor-widget elementor-widget-text-editor\" data-id=\"44bb105\" data-element_type=\"widget\" data-widget_type=\"text-editor.default\">\n\t\t\t\t<div class=\"elementor-widget-container\">\n\t\t\t\t\t\t\t\t\t<p><span style=\"font-weight: 400;\">Conocido tradicionalmente como Techado Municipal de Coquimbo, fue remodelado recientemente y hoy rinde homenaje a Perfecto Arturo L\u00f3pez, funcionario municipal que lo administr\u00f3. Su piso de madera de alto rendimiento, nueva iluminaci\u00f3n y equipamiento multideportivo lo convierten en un recinto moderno y competitivo. Es un punto clave para torneos y la actividad f\u00edsica de la comunidad.<\/span><\/p><p><strong>Aqu\u00ed se disputar\u00e1 el b\u00e1squetbol.<\/strong><\/p><p><span style=\"font-weight: 400;\">\ud83d\udccd<\/span><span style=\"font-weight: 400;\"> Santiago Trigo 520, Coquimbo.<\/span><\/p>\t\t\t\t\t\t\t\t<\/div>\n\t\t\t\t<\/div>\n\t\t\t\t<\/div>\n\t\t<div class=\"elementor-element elementor-element-4fe0b69 e-con-full e-flex e-con e-child\" data-id=\"4fe0b69\" data-element_type=\"container\">\n\t\t<div class=\"elementor-element elementor-element-af8a574 e-con-full e-flex e-con e-child\" data-id=\"af8a574\" data-element_type=\"container\" data-settings=\"{&quot;background_background&quot;:&quot;classic&quot;}\">\n\t\t\t\t<div class=\"elementor-element elementor-element-303c75a elementor-widget elementor-widget-image\" data-id=\"303c75a\" data-element_type=\"widget\" data-widget_type=\"image.default\">\n\t\t\t\t<div class=\"elementor-widget-container\">\n\t\t\t\t\t\t\t\t\t\t\t\t\t\t\t\t<a href=\"#elementor-action%3Aaction%3Dlightbox%26settings%3DeyJ1cmwiOiJodHRwczpcL1wvd3d3LmluZC5jbFwvamRlXzIwMjVcL3dwLWNvbnRlbnRcL3VwbG9hZHNcLzIwMjVcLzEwXC9HaW1uYXNpby1UZWNoYWRvLWRlLUNvcXVpbWJvLXNjYWxlZC5qcGciLCJ0eXBlIjoiaW1hZ2UiLCJ0aXRsZSI6IkdpbW5hc2lvIFRlY2hhZG8gZGUgQ29xdWltYm8ifQ%3D%3D\">\n\t\t\t\t\t\t\t<img fetchpriority=\"high\" decoding=\"async\" width=\"780\" height=\"380\" src=\"https:\/\/www.ind.cl\/jde_2025\/wp-content\/uploads\/2024\/09\/blank-escenarios.png\" class=\"attachment-full size-full wp-image-248\" alt=\"\" srcset=\"https:\/\/www.ind.cl\/jde_2025\/wp-content\/uploads\/2024\/09\/blank-escenarios.png 780w, https:\/\/www.ind.cl\/jde_2025\/wp-content\/uploads\/2024\/09\/blank-escenarios-300x146.png 300w, https:\/\/www.ind.cl\/jde_2025\/wp-content\/uploads\/2024\/09\/blank-escenarios-768x374.png 768w\" sizes=\"(max-width: 780px) 100vw, 780px\" \/>\t\t\t\t\t\t\t\t<\/a>\n\t\t\t\t\t\t\t\t\t\t\t\t\t\t\t<\/div>\n\t\t\t\t<\/div>\n\t\t\t\t<\/div>\n\t\t\t\t<\/div>\n\t\t\t\t\t<\/div>\n\t\t\t\t<\/div>\n\t\t<div class=\"elementor-element elementor-element-aa21ae5 e-flex e-con-boxed e-con e-child\" data-id=\"aa21ae5\" data-element_type=\"container\">\n\t\t\t\t\t<div class=\"e-con-inner\">\n\t\t<div class=\"elementor-element elementor-element-33dd78a e-con-full e-flex e-con e-child\" data-id=\"33dd78a\" data-element_type=\"container\">\n\t\t<div class=\"elementor-element elementor-element-89dea62 e-con-full e-flex e-con e-child\" data-id=\"89dea62\" data-element_type=\"container\" data-settings=\"{&quot;background_background&quot;:&quot;classic&quot;}\">\n\t\t\t\t<div class=\"elementor-element elementor-element-b725161 elementor-widget elementor-widget-image\" data-id=\"b725161\" data-element_type=\"widget\" data-widget_type=\"image.default\">\n\t\t\t\t<div class=\"elementor-widget-container\">\n\t\t\t\t\t\t\t\t\t\t\t\t\t\t\t\t<a href=\"#elementor-action%3Aaction%3Dlightbox%26settings%3DeyJ1cmwiOiJodHRwczpcL1wvd3d3LmluZC5jbFwvamRlXzIwMjVcL3dwLWNvbnRlbnRcL3VwbG9hZHNcLzIwMjVcLzEwXC9Qb2xpZGVwb3J0aXZvLUxhcy1Db21wYW5pYXMtMy1zY2FsZWQuanBnIiwidHlwZSI6ImltYWdlIiwidGl0bGUiOiJQb2xpZGVwb3J0aXZvIExhcyBDb21wYVx1MDBmMVx1MDBlZGFzIDMifQ%3D%3D\">\n\t\t\t\t\t\t\t<img fetchpriority=\"high\" decoding=\"async\" width=\"780\" height=\"380\" src=\"https:\/\/www.ind.cl\/jde_2025\/wp-content\/uploads\/2024\/09\/blank-escenarios.png\" class=\"attachment-full size-full wp-image-248\" alt=\"\" srcset=\"https:\/\/www.ind.cl\/jde_2025\/wp-content\/uploads\/2024\/09\/blank-escenarios.png 780w, https:\/\/www.ind.cl\/jde_2025\/wp-content\/uploads\/2024\/09\/blank-escenarios-300x146.png 300w, https:\/\/www.ind.cl\/jde_2025\/wp-content\/uploads\/2024\/09\/blank-escenarios-768x374.png 768w\" sizes=\"(max-width: 780px) 100vw, 780px\" \/>\t\t\t\t\t\t\t\t<\/a>\n\t\t\t\t\t\t\t\t\t\t\t\t\t\t\t<\/div>\n\t\t\t\t<\/div>\n\t\t\t\t<\/div>\n\t\t\t\t<\/div>\n\t\t<div class=\"elementor-element elementor-element-63afbeb e-con-full e-flex e-con e-child\" data-id=\"63afbeb\" data-element_type=\"container\">\n\t\t\t\t<div class=\"elementor-element elementor-element-d87e0e1 elementor-widget elementor-widget-heading\" data-id=\"d87e0e1\" data-element_type=\"widget\" data-widget_type=\"heading.default\">\n\t\t\t\t<div class=\"elementor-widget-container\">\n\t\t\t\t\t<h2 class=\"elementor-heading-title elementor-size-default\"><span class=\"bgazul\">Polideportivo Municipal de Las Compa\u00f1\u00edas <\/span><\/h2>\t\t\t\t<\/div>\n\t\t\t\t<\/div>\n\t\t\t\t<div class=\"elementor-element elementor-element-cb972ee elementor-widget elementor-widget-text-editor\" data-id=\"cb972ee\" data-element_type=\"widget\" data-widget_type=\"text-editor.default\">\n\t\t\t\t<div class=\"elementor-widget-container\">\n\t\t\t\t\t\t\t\t\t<p><span style=\"font-weight: 400;\">Inaugurado en 2019, este complejo ofrece una cancha central sint\u00e9tica, gimnasios, salas multiuso, camarines, oficinas y accesibilidad universal. Promueve la pr\u00e1ctica gratuita de b\u00e1squetbol, v\u00f3leibol, fitness y diversas disciplinas para mejorar la calidad de vida de la comunidad. Es hoy un referente del deporte social y comunitario en La Serena.<\/span><\/p><p><strong>Aqu\u00ed se disputar\u00e1 el v\u00f3leibol.<\/strong><\/p><p><span style=\"font-weight: 400;\">\ud83d\udccd<\/span><span style=\"font-weight: 400;\"> Av. Vi\u00f1a del Mar 2331, La Serena.<\/span><\/p>\t\t\t\t\t\t\t\t<\/div>\n\t\t\t\t<\/div>\n\t\t\t\t<\/div>\n\t\t\t\t\t<\/div>\n\t\t\t\t<\/div>\n\t\t\t\t<\/div>\n\t\t\t\t<\/div>\n\t\t","protected":false},"excerpt":{"rendered":"<p>Escenarios Escenarios Regi\u00f3n de Coquimbo, sede Final Nacional Juvenil Gimnasio Scuola Italiana El Gimnasio y la cancha del Stadio Italiano forman parte de la Scuola Italiana \u201cAlcide De Gasperi\u201d. Son recintos modernos y vers\u00e1tiles que se utilizan tanto para actividades escolares como para torneos locales y nacionales. Su infraestructura en un solo nivel ofrece comodidad [&hellip;]<\/p>\n","protected":false},"author":2,"featured_media":0,"parent":0,"menu_order":0,"comment_status":"closed","ping_status":"closed","template":"","meta":{"_acf_changed":false,"inline_featured_image":false,"footnotes":""},"class_list":["post-1310","page","type-page","status-publish","hentry"],"acf":[],"_links":{"self":[{"href":"https:\/\/www.ind.cl\/jde_2025\/wp-json\/wp\/v2\/pages\/1310","targetHints":{"allow":["GET"]}}],"collection":[{"href":"https:\/\/www.ind.cl\/jde_2025\/wp-json\/wp\/v2\/pages"}],"about":[{"href":"https:\/\/www.ind.cl\/jde_2025\/wp-json\/wp\/v2\/types\/page"}],"author":[{"embeddable":true,"href":"https:\/\/www.ind.cl\/jde_2025\/wp-json\/wp\/v2\/users\/2"}],"replies":[{"embeddable":true,"href":"https:\/\/www.ind.cl\/jde_2025\/wp-json\/wp\/v2\/comments?post=1310"}],"version-history":[{"count":16,"href":"https:\/\/www.ind.cl\/jde_2025\/wp-json\/wp\/v2\/pages\/1310\/revisions"}],"predecessor-version":[{"id":1380,"href":"https:\/\/www.ind.cl\/jde_2025\/wp-json\/wp\/v2\/pages\/1310\/revisions\/1380"}],"wp:attachment":[{"href":"https:\/\/www.ind.cl\/jde_2025\/wp-json\/wp\/v2\/media?parent=1310"}],"curies":[{"name":"wp","href":"https:\/\/api.w.org\/{rel}","templated":true}]}}